{"id":10932,"date":"2025-02-06T19:55:56","date_gmt":"2025-02-06T22:55:56","guid":{"rendered":"https:\/\/acrisure.com.br\/insights\/?page_id=10932"},"modified":"2026-02-02T17:03:06","modified_gmt":"2026-02-02T20:03:06","slug":"tendencias-2025","status":"publish","type":"page","link":"https:\/\/acrisure.com.br\/insights\/tendencias-2025\/","title":{"rendered":"Tend\u00eancias 2025"},"content":{"rendered":"<p>[et_pb_section fb_built=&#8221;1&#8243; admin_label=&#8221;Imagem&#8221; _builder_version=&#8221;4.27.3&#8243; _module_preset=&#8221;default&#8221; background_color=&#8221;rgba(0,0,0,0.5)&#8221; background_image=&#8221;https:\/\/acrisure.com.br\/insights\/wp-content\/uploads\/turbinar-especiais-intro.jpg&#8221; background_blend=&#8221;multiply&#8221; min_height=&#8221;40vh&#8221; custom_padding=&#8221;0px||0px||false|false&#8221; locked=&#8221;off&#8221; global_colors_info=&#8221;{}&#8221;][\/et_pb_section][et_pb_section fb_built=&#8221;1&#8243; custom_padding_last_edited=&#8221;on|phone&#8221; admin_label=&#8221;Intro&#8221; _builder_version=&#8221;4.27.3&#8243; _module_preset=&#8221;default&#8221; custom_padding=&#8221;70px||70px||false|false&#8221; custom_padding_tablet=&#8221;70px||70px||false|false&#8221; custom_padding_phone=&#8221;50px||50px||false|false&#8221; locked=&#8221;off&#8221; collapsed=&#8221;off&#8221; global_colors_info=&#8221;{}&#8221;][et_pb_row column_structure=&#8221;1_2,1_2&#8243; use_custom_gutter=&#8221;on&#8221; gutter_width=&#8221;2&#8243; make_equal=&#8221;on&#8221; admin_label=&#8221;T\u00edtulo&#8221; _builder_version=&#8221;4.27.3&#8243; _module_preset=&#8221;default&#8221; position_origin_a=&#8221;center_center&#8221; width=&#8221;92%&#8221; width_tablet=&#8221;80%&#8221; width_phone=&#8221;80%&#8221; width_last_edited=&#8221;on|desktop&#8221; max_width=&#8221;1170px&#8221; custom_margin=&#8221;||0px||false|false&#8221; custom_margin_tablet=&#8221;||40px||false|false&#8221; custom_margin_phone=&#8221;||20px||false|false&#8221; custom_margin_last_edited=&#8221;off|desktop&#8221; custom_padding=&#8221;0px||0px||false|false&#8221; locked=&#8221;off&#8221; global_colors_info=&#8221;{}&#8221;][et_pb_column type=&#8221;1_2&#8243; _builder_version=&#8221;4.27.3&#8243; _module_preset=&#8221;default&#8221; position_origin_a_tablet=&#8221;center_right&#8221; position_origin_a_phone=&#8221;center_right&#8221; position_origin_a_last_edited=&#8221;off|desktop&#8221; position_origin_f_last_edited=&#8221;off|desktop&#8221; position_origin_r_last_edited=&#8221;off|desktop&#8221; positioning_tablet=&#8221;relative&#8221; positioning_phone=&#8221;relative&#8221; positioning_last_edited=&#8221;off|desktop&#8221; global_colors_info=&#8221;{}&#8221;][et_pb_text _builder_version=&#8221;4.27.3&#8243; _module_preset=&#8221;default&#8221; text_font=&#8221;&#8211;et_global_heading_font|700|||||||&#8221; text_text_color=&#8221;#7F7A83&#8243; text_font_size=&#8221;25px&#8221; text_letter_spacing=&#8221;2px&#8221; text_line_height=&#8221;1.1em&#8221; text_orientation=&#8221;right&#8221; custom_margin=&#8221;3px||5px||false|false&#8221; text_font_size_last_edited=&#8221;off|desktop&#8221; text_orientation_tablet=&#8221;left&#8221; text_orientation_phone=&#8221;left&#8221; text_orientation_last_edited=&#8221;on|desktop&#8221; global_colors_info=&#8221;{}&#8221;]<\/p>\n<p>\u203a\u203a\u203a ESPECIAL<\/p>\n<p>[\/et_pb_text][et_pb_text _builder_version=&#8221;4.27.3&#8243; _module_preset=&#8221;default&#8221; text_font=&#8221;&#8211;et_global_heading_font|700|||||||&#8221; text_text_color=&#8221;#85B73C&#8221; text_font_size=&#8221;70px&#8221; text_letter_spacing=&#8221;2px&#8221; text_line_height=&#8221;1em&#8221; text_orientation=&#8221;right&#8221; custom_margin=&#8221;||||false|false&#8221; text_font_size_tablet=&#8221;70px&#8221; text_font_size_phone=&#8221;50px&#8221; text_font_size_last_edited=&#8221;on|phone&#8221; text_orientation_tablet=&#8221;left&#8221; text_orientation_phone=&#8221;left&#8221; text_orientation_last_edited=&#8221;on|phone&#8221; global_colors_info=&#8221;{}&#8221;]<\/p>\n<h1>TEND\u00caNCIAS<br \/>2025<\/h1>\n<p>[\/et_pb_text][\/et_pb_column][et_pb_column type=&#8221;1_2&#8243; _builder_version=&#8221;4.19.4&#8243; _module_preset=&#8221;default&#8221; global_colors_info=&#8221;{}&#8221;][et_pb_text _builder_version=&#8221;4.27.3&#8243; _module_preset=&#8221;default&#8221; text_font=&#8221;&#8211;et_global_heading_font||||||||&#8221; text_text_color=&#8221;#7F7A83&#8243; width=&#8221;540px&#8221; max_width=&#8221;100%&#8221; custom_margin=&#8221;||0px||false|false&#8221; text_font_size_last_edited=&#8221;off|desktop&#8221; locked=&#8221;off&#8221; global_colors_info=&#8221;{}&#8221;]O mundo dos neg\u00f3cios est\u00e1 em constante evolu\u00e7\u00e3o, e estar \u00e0\u00a0frente das mudan\u00e7as \u00e9 essencial para empresas que buscam se\u00a0manter competitivas. Em 2025, transforma\u00e7\u00f5es econ\u00f4micas, tecnol\u00f3gicas e\u00a0sociais continuar\u00e3o a redefinir mercados, exigindo estrat\u00e9gias inovadoras e uma vis\u00e3o adaptativa.<\/p>\n<p>Nesta p\u00e1gina especial, reunimos conte\u00fados que exploram as\u00a0principais tend\u00eancias do ano, trazendo insights e reflex\u00f5es para\u00a0ajudar empresas e profissionais a navegarem por esse cen\u00e1rio em transforma\u00e7\u00e3o. Role a tela ou utilize os links abaixo para acessar o artigo desejado. Boa leitura!<\/p>\n<p><b><a style=\"color: #7f7a83;\" href=\"#nr1\"><span style=\"color: #85b73c;\">\u203a<\/span>\u00a0NR-1 e Sa\u00fade Mental: um novo cap\u00edtulo para as empresas<\/a><\/b><\/p>\n<p><b><a style=\"color: #7f7a83;\" href=\"#agronegocio\"><span style=\"color: #85b73c;\">\u203a<\/span> Agroneg\u00f3cio sob a sombra das mudan\u00e7as clim\u00e1ticas e os desafios do\u00a0mercado segurador<\/a><\/b><\/p>\n<p><b><a style=\"color: #7f7a83;\" href=\"#saude\"><span style=\"color: #85b73c;\">\u203a<\/span> Sa\u00fade hol\u00edstica e sucesso empresarial: uma conex\u00e3o indissoci\u00e1vel no novo mundo do trabalho<\/a><\/b><\/p>\n<p><b><a style=\"color: #7f7a83;\" href=\"#rotas\"><span style=\"color: #85b73c;\">\u203a<\/span> Rotas em risco: tens\u00f5es geopol\u00edticas e o futuro do seguro de transportes<\/a><\/b><\/p>\n<p><b><a style=\"color: #7f7a83;\" href=\"#energia\"><span style=\"color: #85b73c;\">\u203a<\/span> A import\u00e2ncia da gest\u00e3o de riscos na expans\u00e3o da energia renov\u00e1vel no Brasil<\/a><\/b><\/p>\n<p><b><a style=\"color: #7f7a83;\" href=\"#inss\"><span style=\"color: #85b73c;\">\u203a<\/span> Automatiza\u00e7\u00e3o no INSS: Revolu\u00e7\u00e3o na Implanta\u00e7\u00e3o de Benef\u00edcios Judiciais<\/a><\/b><\/p>\n<p><b><a style=\"color: #7f7a83;\" href=\"#ia\"><span style=\"color: #85b73c;\">\u203a<\/span>\u00a0A d\u00fabia revolu\u00e7\u00e3o da IA: como proteger organiza\u00e7\u00f5es em um cen\u00e1rio de\u00a0riscos\u00a0e inova\u00e7\u00e3o<\/a><\/b>[\/et_pb_text][\/et_pb_column][\/et_pb_row][\/et_pb_section][et_pb_section fb_built=&#8221;1&#8243; admin_label=&#8221;Imagem 1&#8243; module_id=&#8221;nr1&#8243; _builder_version=&#8221;4.27.3&#8243; _module_preset=&#8221;default&#8221; background_color=&#8221;rgba(0,0,0,0.5)&#8221; background_image=&#8221;https:\/\/acrisure.com.br\/insights\/wp-content\/uploads\/turbinar-especiais-artigo-nr1.jpg&#8221; parallax=&#8221;on&#8221; background_blend=&#8221;multiply&#8221; min_height=&#8221;80vh&#8221; custom_padding=&#8221;0px||0px||false|false&#8221; locked=&#8221;off&#8221; collapsed=&#8221;on&#8221; global_colors_info=&#8221;{}&#8221;][\/et_pb_section][et_pb_section fb_built=&#8221;1&#8243; custom_padding_last_edited=&#8221;on|phone&#8221; admin_label=&#8221;Artigo 1&#8243; _builder_version=&#8221;4.27.3&#8243; _module_preset=&#8221;default&#8221; background_color=&#8221;RGBA(255,255,255,0)&#8221; custom_margin=&#8221;0px||||false|false&#8221; custom_padding=&#8221;0px||50px||false|false&#8221; custom_padding_tablet=&#8221;0px||50px||false|false&#8221; custom_padding_phone=&#8221;0px||40px||false|false&#8221; locked=&#8221;off&#8221; collapsed=&#8221;on&#8221; global_colors_info=&#8221;{}&#8221;][et_pb_row use_custom_gutter=&#8221;on&#8221; gutter_width=&#8221;2&#8243; make_equal=&#8221;on&#8221; custom_padding_last_edited=&#8221;on|phone&#8221; admin_label=&#8221;T\u00edtulo&#8221; _builder_version=&#8221;4.27.3&#8243; _module_preset=&#8221;default&#8221; background_color=&#8221;#FFFFFF&#8221; position_origin_a=&#8221;center_center&#8221; width=&#8221;90%&#8221; width_tablet=&#8221;80%&#8221; width_phone=&#8221;80%&#8221; width_last_edited=&#8221;off|desktop&#8221; max_width=&#8221;900px&#8221; module_alignment=&#8221;center&#8221; custom_margin=&#8221;-20vh|auto|0px|390px|false|false&#8221; custom_margin_tablet=&#8221;||0px||false|false&#8221; custom_margin_phone=&#8221;||0px||false|false&#8221; custom_margin_last_edited=&#8221;off|desktop&#8221; custom_padding=&#8221;40px|50px|0px|50px|false|false&#8221; custom_padding_tablet=&#8221;40px|50px|30px|50px|false|false&#8221; custom_padding_phone=&#8221;30px|30px|30px|30px|false|false&#8221; border_width_top=&#8221;5px&#8221; border_color_top=&#8221;#85B73C&#8221; locked=&#8221;off&#8221; global_colors_info=&#8221;{}&#8221;][et_pb_column type=&#8221;4_4&#8243; _builder_version=&#8221;4.27.3&#8243; _module_preset=&#8221;default&#8221; position_origin_a_tablet=&#8221;center_right&#8221; position_origin_a_phone=&#8221;center_right&#8221; position_origin_a_last_edited=&#8221;off|desktop&#8221; position_origin_f_last_edited=&#8221;off|desktop&#8221; position_origin_r_last_edited=&#8221;off|desktop&#8221; positioning_tablet=&#8221;relative&#8221; positioning_phone=&#8221;relative&#8221; positioning_last_edited=&#8221;off|desktop&#8221; global_colors_info=&#8221;{}&#8221;][et_pb_text admin_label=&#8221;T\u00edtulo&#8221; _builder_version=&#8221;4.27.3&#8243; _module_preset=&#8221;default&#8221; text_font=&#8221;&#8211;et_global_heading_font|700|||||||&#8221; text_text_color=&#8221;#7F7A83&#8243; text_font_size=&#8221;50px&#8221; text_letter_spacing=&#8221;2px&#8221; text_line_height=&#8221;1.2em&#8221; custom_margin=&#8221;||30px||false|false&#8221; text_font_size_tablet=&#8221;50px&#8221; text_font_size_phone=&#8221;30px&#8221; text_font_size_last_edited=&#8221;on|phone&#8221; global_colors_info=&#8221;{}&#8221;]<\/p>\n<h2>NR-1 e Sa\u00fade Mental: um novo cap\u00edtulo para as empresas<\/h2>\n<p>[\/et_pb_text][et_pb_text admin_label=&#8221;Corpo&#8221; _builder_version=&#8221;4.27.3&#8243; _module_preset=&#8221;default&#8221; text_font=&#8221;&#8211;et_global_heading_font||||||||&#8221; text_text_color=&#8221;#7F7A83&#8243; custom_margin=&#8221;||30px||false|false&#8221; text_font_size_last_edited=&#8221;off|desktop&#8221; global_colors_info=&#8221;{}&#8221; width__hover_enabled=&#8221;off|desktop&#8221;]<\/p>\n<p>A atualiza\u00e7\u00e3o da NR-1, prevista para maio de 2025, inaugura um novo cap\u00edtulo na seguran\u00e7a e sa\u00fade do trabalho no Brasil, com foco crescente na sa\u00fade mental no ambiente corporativo. A inclus\u00e3o de transtornos como burnout, ansiedade, depress\u00e3o e tentativa de suic\u00eddio na <a href=\"https:\/\/www.gov.br\/saude\/pt-br\/assuntos\/noticias\/2023\/novembro\/ministerio-da-saude-atualiza-lista-de-doencas-relacionadas-ao-trabalho-apos-24-anos\" target=\"_blank\" rel=\"noopener\">lista de doen\u00e7as relacionadas ao trabalho<\/a>, revisada pelo Minist\u00e9rio da Sa\u00fade, evidenciou a import\u00e2ncia do tema e ampliou as responsabilidades dos empregadores.<\/p>\n<p>Diante desse cen\u00e1rio, as empresas s\u00e3o desafiadas a adotar uma gest\u00e3o proativa para sa\u00fade mental, visando minimizar afastamentos e seus impactos financeiros, tanto para a organiza\u00e7\u00e3o quanto para o INSS. Uma gest\u00e3o eficaz dos riscos psicossociais, conforme preconizado pela NR-1, traz consigo uma s\u00e9rie de benef\u00edcios, como a redu\u00e7\u00e3o do absente\u00edsmo e presente\u00edsmo, a melhoria do clima organizacional, o aumento da produtividade, a redu\u00e7\u00e3o da rotatividade, o fortalecimento da marca empregadora e a otimiza\u00e7\u00e3o dos custos com o Seguro de Acidente de Trabalho (SAT).<\/p>\n<p>Para as pessoas, os benef\u00edcios tamb\u00e9m podem ser evidentes, como maior equil\u00edbrio entre vida pessoal e profissional, diminui\u00e7\u00e3o de estresse e ansiedade, e maior capacidade para lidar com desafios e relacionamentos interpessoais.<\/p>\n<p>Para se adequarem \u00e0s novas diretrizes, elencamos quatro medidas essenciais para as empresas:<\/p>\n<p><strong>1. Investir na sensibiliza\u00e7\u00e3o de gestores para a cria\u00e7\u00e3o de uma cultura de apoio emocional aos colaboradores.<\/strong> Lideran\u00e7as humanizadas, com comunica\u00e7\u00e3o aberta e transparente, que consigam identificar sinais de transtornos mentais e sofrimentos emocionais, s\u00e3o fundamentais para reduzir os impactos no desempenho da equipe. Seguir as pr\u00e1ticas do Servi\u00e7o Especializado em Engenharia de Seguran\u00e7a e Medicina do Trabalho (SESMT) \u00e9 um importante ponto de partida para capacitar executivos.<\/p>\n<p><strong>2. Implementar ferramentas para diagnosticar poss\u00edveis casos de transtornos mentais,<\/strong> como o Censo de Sa\u00fade Mental, a HSE Indicator Tool (HSE-IT) e pesquisas internas. Utilizar dados para analisar fatores como absente\u00edsmo, rotatividade e satisfa\u00e7\u00e3o no trabalho \u00e9 outra solu\u00e7\u00e3o eficaz. Grupos focais e entrevistas individuais tamb\u00e9m auxiliam na identifica\u00e7\u00e3o de fatores de risco.<\/p>\n<p><strong>3. Oferecer um ambiente seguro para os funcion\u00e1rios.<\/strong> A escuta ativa e o est\u00edmulo \u00e0 cultura de feedback positivo e cont\u00ednuo s\u00e3o necess\u00e1rios para criar um ambiente de confian\u00e7a e seguran\u00e7a mental. As empresas tamb\u00e9m precisam adotar rigorosas pol\u00edticas de preven\u00e7\u00e3o ao ass\u00e9dio e \u00e0 discrimina\u00e7\u00e3o, com objetivo de promover o bem-estar e o equil\u00edbrio entre vida pessoal e profissional.<\/p>\n<p><strong>4. Oferecer suporte aos casos de transtornos mentais, tanto para fortalecer a cultura da organiza\u00e7\u00e3o como para a diminui\u00e7\u00e3o do estigma do colaborador.<\/strong> Os empregadores devem implementar espa\u00e7os e canais de apoio com acolhimento psicol\u00f3gico, al\u00e9m de criarem planos de inclus\u00e3o e benef\u00edcios como subs\u00eddios para terapia e atividades de bem-estar que colaborem com a reabilita\u00e7\u00e3o dos funcion\u00e1rios.<\/p>\n<p>Em suma, a inclus\u00e3o dos riscos psicossociais como fator de aten\u00e7\u00e3o, juntamente com a crescente conscientiza\u00e7\u00e3o sobre o tema, demanda uma gest\u00e3o proativa e estrat\u00e9gica por parte das organiza\u00e7\u00f5es. Ao adotarem as medidas essenciais delineadas, as empresas n\u00e3o apenas cumprem com suas obriga\u00e7\u00f5es legais, mas tamb\u00e9m cultivam um ambiente de trabalho mais saud\u00e1vel, produtivo e engajador.<\/p>\n<p>A longo prazo, o investimento na sa\u00fade mental dos colaboradores se traduz em benef\u00edcios tang\u00edveis para as empresas, consolidando-as como organiza\u00e7\u00f5es que genuinamente se importam com o bem-estar de seus talentos.<\/p>\n<p>[\/et_pb_text][\/et_pb_column][\/et_pb_row][et_pb_row column_structure=&#8221;1_4,3_4&#8243; use_custom_gutter=&#8221;on&#8221; gutter_width=&#8221;1&#8243; make_equal=&#8221;on&#8221; custom_padding_last_edited=&#8221;on|desktop&#8221; disabled_on=&#8221;off|off|off&#8221; admin_label=&#8221;Assinatura com foto&#8221; _builder_version=&#8221;4.27.3&#8243; background_size=&#8221;initial&#8221; background_position=&#8221;top_left&#8221; background_repeat=&#8221;repeat&#8221; width=&#8221;90%&#8221; max_width=&#8221;900px&#8221; module_alignment=&#8221;center&#8221; custom_margin=&#8221;9px||50px||false|false&#8221; custom_padding=&#8221;0px|50px|0px|50px|false|false&#8221; custom_padding_tablet=&#8221;0px|50px|0px|50px|false|false&#8221; custom_padding_phone=&#8221;|30px||30px|false|false&#8221; locked=&#8221;off&#8221; global_colors_info=&#8221;{}&#8221;][et_pb_column type=&#8221;1_4&#8243; _builder_version=&#8221;4.27.3&#8243; custom_padding=&#8221;|||&#8221; custom_css_main_element=&#8221;width: 125px !important;&#8221; global_colors_info=&#8221;{}&#8221; custom_padding__hover=&#8221;|||&#8221;][et_pb_image src=&#8221;https:\/\/acrisure.com.br\/insights\/wp-content\/uploads\/turbinar-especiais-artigo-nr1-marlene.jpg&#8221; title_text=&#8221;turbinar-especiais-artigo-nr1-marlene&#8221; _builder_version=&#8221;4.27.3&#8243; _module_preset=&#8221;default&#8221; width=&#8221;106px&#8221; max_width=&#8221;100%&#8221; module_alignment=&#8221;left&#8221; min_height=&#8221;100px&#8221; custom_margin_tablet=&#8221;||10px||false|false&#8221; custom_margin_phone=&#8221;||10px||false|false&#8221; custom_margin_last_edited=&#8221;on|tablet&#8221; custom_css_free_form=&#8221;selector img {||  object-fit: cover; object-position: center;||}&#8221; border_radii=&#8221;on|50%|50%|50%|50%&#8221; border_width_all=&#8221;3px&#8221; border_color_all=&#8221;#85B73C&#8221; global_colors_info=&#8221;{}&#8221;][\/et_pb_image][\/et_pb_column][et_pb_column type=&#8221;3_4&#8243; _builder_version=&#8221;4.16&#8243; custom_padding=&#8221;|||&#8221; global_colors_info=&#8221;{}&#8221; custom_padding__hover=&#8221;|||&#8221;][et_pb_text admin_label=&#8221;Conte\u00fado&#8221; _builder_version=&#8221;4.27.3&#8243; _module_preset=&#8221;default&#8221; text_font=&#8221;|700|on||||||&#8221; text_text_color=&#8221;#7F7A83&#8243; text_letter_spacing=&#8221;1px&#8221; text_line_height=&#8221;1.3em&#8221; positioning=&#8221;absolute&#8221; position_origin_a=&#8221;center_left&#8221; horizontal_offset=&#8221;-3px&#8221; position_origin_a_tablet=&#8221;center_left&#8221; position_origin_a_phone=&#8221;center_left&#8221; position_origin_a_last_edited=&#8221;on|desktop&#8221; position_origin_f_tablet=&#8221;&#8221; position_origin_f_phone=&#8221;&#8221; position_origin_f_last_edited=&#8221;on|desktop&#8221; position_origin_r_tablet=&#8221;&#8221; position_origin_r_phone=&#8221;&#8221; position_origin_r_last_edited=&#8221;on|desktop&#8221; width=&#8221;100%&#8221; custom_margin=&#8221;||||false|false&#8221; positioning_tablet=&#8221;none&#8221; positioning_phone=&#8221;none&#8221; positioning_last_edited=&#8221;on|tablet&#8221; global_colors_info=&#8221;{}&#8221;]<\/p>\n<p style=\"padding-bottom: 1px; font-size: 15px;\">\u203a Escrito com apoio de<\/p>\n<p><span style=\"color: #85b73c;\">MARLENE CAPEL<\/span><br \/>\nDiretora geral da B2P \u2013 Acrisure[\/et_pb_text][\/et_pb_column][\/et_pb_row][\/et_pb_section][et_pb_section fb_built=&#8221;1&#8243; admin_label=&#8221;Imagem 2&#8243; module_id=&#8221;agronegocio&#8221; _builder_version=&#8221;4.27.3&#8243; _module_preset=&#8221;default&#8221; background_color=&#8221;rgba(0,0,0,0.5)&#8221; background_image=&#8221;https:\/\/acrisure.com.br\/insights\/wp-content\/uploads\/artigo-agro.jpg&#8221; parallax=&#8221;on&#8221; background_blend=&#8221;multiply&#8221; min_height=&#8221;80vh&#8221; custom_padding=&#8221;0px||0px||false|false&#8221; locked=&#8221;off&#8221; collapsed=&#8221;on&#8221; global_colors_info=&#8221;{}&#8221;][\/et_pb_section][et_pb_section fb_built=&#8221;1&#8243; custom_padding_last_edited=&#8221;on|phone&#8221; admin_label=&#8221;Artigo 2&#8243; module_id=&#8221;agronegocio&#8221; _builder_version=&#8221;4.27.3&#8243; _module_preset=&#8221;default&#8221; background_color=&#8221;RGBA(255,255,255,0)&#8221; custom_margin=&#8221;0px||||false|false&#8221; custom_padding=&#8221;0px||50px||false|false&#8221; custom_padding_tablet=&#8221;0px||50px||false|false&#8221; custom_padding_phone=&#8221;0px||40px||false|false&#8221; locked=&#8221;off&#8221; collapsed=&#8221;on&#8221; global_colors_info=&#8221;{}&#8221;][et_pb_row use_custom_gutter=&#8221;on&#8221; gutter_width=&#8221;2&#8243; make_equal=&#8221;on&#8221; custom_padding_last_edited=&#8221;on|phone&#8221; admin_label=&#8221;T\u00edtulo&#8221; _builder_version=&#8221;4.27.3&#8243; _module_preset=&#8221;default&#8221; background_color=&#8221;#FFFFFF&#8221; position_origin_a=&#8221;center_center&#8221; width=&#8221;90%&#8221; width_tablet=&#8221;80%&#8221; width_phone=&#8221;80%&#8221; width_last_edited=&#8221;off|desktop&#8221; max_width=&#8221;900px&#8221; module_alignment=&#8221;center&#8221; custom_margin=&#8221;-20vh||0px||false|false&#8221; custom_margin_tablet=&#8221;||0px||false|false&#8221; custom_margin_phone=&#8221;||0px||false|false&#8221; custom_margin_last_edited=&#8221;off|desktop&#8221; custom_padding=&#8221;40px|50px|0px|50px|false|false&#8221; custom_padding_tablet=&#8221;40px|50px|30px|50px|false|false&#8221; custom_padding_phone=&#8221;30px|30px|30px|30px|false|false&#8221; border_width_top=&#8221;5px&#8221; border_color_top=&#8221;#85B73C&#8221; locked=&#8221;off&#8221; global_colors_info=&#8221;{}&#8221;][et_pb_column type=&#8221;4_4&#8243; _builder_version=&#8221;4.27.3&#8243; _module_preset=&#8221;default&#8221; position_origin_a_tablet=&#8221;center_right&#8221; position_origin_a_phone=&#8221;center_right&#8221; position_origin_a_last_edited=&#8221;off|desktop&#8221; position_origin_f_last_edited=&#8221;off|desktop&#8221; position_origin_r_last_edited=&#8221;off|desktop&#8221; positioning_tablet=&#8221;relative&#8221; positioning_phone=&#8221;relative&#8221; positioning_last_edited=&#8221;off|desktop&#8221; global_colors_info=&#8221;{}&#8221;][et_pb_text admin_label=&#8221;T\u00edtulo&#8221; _builder_version=&#8221;4.27.3&#8243; _module_preset=&#8221;default&#8221; text_font=&#8221;&#8211;et_global_heading_font|700|||||||&#8221; text_text_color=&#8221;#7F7A83&#8243; text_font_size=&#8221;50px&#8221; text_letter_spacing=&#8221;2px&#8221; text_line_height=&#8221;1.2em&#8221; custom_margin=&#8221;||30px||false|false&#8221; text_font_size_tablet=&#8221;50px&#8221; text_font_size_phone=&#8221;30px&#8221; text_font_size_last_edited=&#8221;on|phone&#8221; global_colors_info=&#8221;{}&#8221;]<\/p>\n<h2>Agroneg\u00f3cio sob a sombra das\u00a0mudan\u00e7as clim\u00e1ticas e os desafios do\u00a0mercado segurador<\/h2>\n<p>[\/et_pb_text][et_pb_text admin_label=&#8221;Corpo&#8221; _builder_version=&#8221;4.27.3&#8243; _module_preset=&#8221;default&#8221; text_font=&#8221;&#8211;et_global_heading_font||||||||&#8221; text_text_color=&#8221;#7F7A83&#8243; custom_margin=&#8221;||30px||false|false&#8221; text_font_size_last_edited=&#8221;off|desktop&#8221; global_colors_info=&#8221;{}&#8221; width__hover_enabled=&#8221;off|desktop&#8221;]O agroneg\u00f3cio, um dos pilares da economia brasileira, enfrenta um cen\u00e1rio cada vez mais desafiador devido \u00e0 intensifica\u00e7\u00e3o dos eventos clim\u00e1ticos extremos. A frequ\u00eancia e a magnitude de fen\u00f4menos como enchentes, secas e inc\u00eandios florestais t\u00eam aumentado significativamente nos \u00faltimos anos, amea\u00e7ando a produ\u00e7\u00e3o agr\u00edcola, a estabilidade financeira dos produtores e o futuro de toda a cadeia produtiva.[\/et_pb_text][et_pb_text admin_label=&#8221;Subt\u00edtulo&#8221; _builder_version=&#8221;4.27.3&#8243; _module_preset=&#8221;default&#8221; text_font=&#8221;&#8211;et_global_heading_font|700|||||||&#8221; text_text_color=&#8221;#7F7A83&#8243; text_font_size=&#8221;25px&#8221; text_line_height=&#8221;1.2em&#8221; custom_margin=&#8221;||30px||false|false&#8221; text_font_size_last_edited=&#8221;off|desktop&#8221; global_colors_info=&#8221;{}&#8221; width__hover_enabled=&#8221;off|desktop&#8221;]Impacto das mudan\u00e7as clim\u00e1ticas no mercado segurador[\/et_pb_text][et_pb_text admin_label=&#8221;Corpo&#8221; _builder_version=&#8221;4.27.3&#8243; _module_preset=&#8221;default&#8221; text_font=&#8221;&#8211;et_global_heading_font||||||||&#8221; text_text_color=&#8221;#7F7A83&#8243; custom_margin=&#8221;||30px||false|false&#8221; text_font_size_last_edited=&#8221;off|desktop&#8221; global_colors_info=&#8221;{}&#8221; width__hover_enabled=&#8221;off|desktop&#8221;]As mudan\u00e7as clim\u00e1ticas tamb\u00e9m imp\u00f5em desafios expressivos ao mercado segurador, setor respons\u00e1vel por mitigar os impactos financeiros decorrentes de perdas agr\u00edcolas. Os efeitos mais evidentes incluem:<\/p>\n<p><b>\u203a Aumento da sinistralidade:<\/b> o crescimento na ocorr\u00eancia e severidade de eventos clim\u00e1ticos resulta em um volume maior de sinistros e, consequentemente, em maior press\u00e3o sobre a rentabilidade das seguradoras. Estudos indicam que, nos \u00faltimos 30 anos, a frequ\u00eancia desses eventos mais que dobrou no Brasil.<\/p>\n<p><b>\u203a Dificuldade na precifica\u00e7\u00e3o de riscos:<\/b> a imprevisibilidade do clima dificulta a avalia\u00e7\u00e3o precisa dos riscos, podendo levar a pr\u00eamios inadequados \u2014 seja por subavalia\u00e7\u00e3o ou superavalia\u00e7\u00e3o.<\/p>\n<p><b>\u203a Redu\u00e7\u00e3o da capacidade de resseguro:<\/b> grandes eventos clim\u00e1ticos em outras regi\u00f5es, como furac\u00f5es nos Estados Unidos ou secas na Austr\u00e1lia, afetam a capacidade financeira das resseguradoras globais, restringindo a oferta de cobertura no Brasil.[\/et_pb_text][et_pb_text admin_label=&#8221;Subt\u00edtulo&#8221; _builder_version=&#8221;4.27.3&#8243; _module_preset=&#8221;default&#8221; text_font=&#8221;&#8211;et_global_heading_font|700|||||||&#8221; text_text_color=&#8221;#7F7A83&#8243; text_font_size=&#8221;25px&#8221; text_line_height=&#8221;1.2em&#8221; custom_margin=&#8221;||30px||false|false&#8221; text_font_size_last_edited=&#8221;off|desktop&#8221; global_colors_info=&#8221;{}&#8221; width__hover_enabled=&#8221;off|desktop&#8221;]O papel dos produtores rurais[\/et_pb_text][et_pb_text admin_label=&#8221;Corpo&#8221; _builder_version=&#8221;4.27.3&#8243; _module_preset=&#8221;default&#8221; text_font=&#8221;&#8211;et_global_heading_font||||||||&#8221; text_text_color=&#8221;#7F7A83&#8243; custom_margin=&#8221;||30px||false|false&#8221; text_font_size_last_edited=&#8221;off|desktop&#8221; global_colors_info=&#8221;{}&#8221; width__hover_enabled=&#8221;off|desktop&#8221;]Os produtores rurais, pe\u00e7as-chave na cadeia produtiva, t\u00eam um papel crucial na adapta\u00e7\u00e3o do agroneg\u00f3cio \u00e0s adversidades clim\u00e1ticas. A ado\u00e7\u00e3o de pr\u00e1ticas que aumentem a resili\u00eancia das propriedades pode minimizar perdas e garantir a sustentabilidade do setor. Entre essas pr\u00e1ticas est\u00e3o:<\/p>\n<p><b>\u203a Diversifica\u00e7\u00e3o de culturas:<\/b> rota\u00e7\u00e3o e uso de variedades mais resistentes podem diminuir os riscos de perdas totais em situa\u00e7\u00f5es clim\u00e1ticas adversas.<\/p>\n<p><b>\u203a Efici\u00eancia h\u00eddrica:<\/b> a instala\u00e7\u00e3o de sistemas de irriga\u00e7\u00e3o modernos e otimizados \u00e9 vital para manter a produtividade em per\u00edodos de seca.<\/p>\n<p><b>\u203a Conserva\u00e7\u00e3o do solo:<\/b> t\u00e9cnicas como plantio direto, cobertura vegetal e aduba\u00e7\u00e3o verde melhoram a capacidade do solo de reter \u00e1gua e nutrientes.<\/p>\n<p><b>\u203a Monitoramento clim\u00e1tico:<\/b> tecnologias como sensores e imagens de sat\u00e9lite permitem decis\u00f5es mais precisas, com base em dados em tempo real.<\/p>\n<p><b>\u203a Treinamento e simula\u00e7\u00f5es:<\/b> capacitar equipes e realizar exerc\u00edcios peri\u00f3dicos de evacua\u00e7\u00e3o melhora a resposta a emerg\u00eancias e minimiza perdas.<\/p>\n<p><b>\u203a Manuten\u00e7\u00e3o e inspe\u00e7\u00f5es regulares:<\/b> inspe\u00e7\u00f5es regulares em fia\u00e7\u00f5es, equipamentos e m\u00e1quinas reduzem riscos de acidentes.<\/p>\n<p><b>\u203a Detectores de fuma\u00e7a e alarmes:<\/b> detectores de fuma\u00e7a, calor ou gases t\u00f3xicos, integrados a alarmes, garantem alertas r\u00e1pidos e acionamento de emerg\u00eancias.<\/p>\n<p><b>\u203a Prote\u00e7\u00e3o contra vendaval:<\/b> refor\u00e7o de telhas, janelas e estruturas leves, al\u00e9m de barreiras como cercas e cortinas de vento, reduz danos de ventos fortes.<\/p>\n<p><b>\u203a Contrata\u00e7\u00e3o de seguros agr\u00edcolas:<\/b> o seguro \u00e9 uma ferramenta essencial para mitigar os impactos financeiros de desastres clim\u00e1ticos.[\/et_pb_text][et_pb_text admin_label=&#8221;Subt\u00edtulo&#8221; _builder_version=&#8221;4.27.3&#8243; _module_preset=&#8221;default&#8221; text_font=&#8221;&#8211;et_global_heading_font|700|||||||&#8221; text_text_color=&#8221;#7F7A83&#8243; text_font_size=&#8221;25px&#8221; text_line_height=&#8221;1.2em&#8221; custom_margin=&#8221;||30px||false|false&#8221; text_font_size_last_edited=&#8221;off|desktop&#8221; global_colors_info=&#8221;{}&#8221; width__hover_enabled=&#8221;off|desktop&#8221;]Desafios e limita\u00e7\u00f5es[\/et_pb_text][et_pb_text admin_label=&#8221;Corpo&#8221; _builder_version=&#8221;4.27.3&#8243; _module_preset=&#8221;default&#8221; text_font=&#8221;&#8211;et_global_heading_font||||||||&#8221; text_text_color=&#8221;#7F7A83&#8243; custom_margin=&#8221;||30px||false|false&#8221; text_font_size_last_edited=&#8221;off|desktop&#8221; global_colors_info=&#8221;{}&#8221; width__hover_enabled=&#8221;off|desktop&#8221;]Apesar da efic\u00e1cia dessas medidas, muitos produtores enfrentam barreiras para implement\u00e1-las, devido aos <b>altos investimentos necess\u00e1rios<\/b> em um cen\u00e1rio de margens de lucro cada vez mais apertadas.<\/p>\n<p>O <b>acesso ao cr\u00e9dito agr\u00edcola<\/b> tornou-se um dos maiores desafios para os produtores rurais no contexto econ\u00f4mico atual. Com a taxa SELIC mantida em 12,25%, os custos de financiamento tornaram-se proibitivos, limitando a ado\u00e7\u00e3o de tecnologias voltadas \u00e0 adapta\u00e7\u00e3o e \u00e0 sustentabilidade. <b>A Resolu\u00e7\u00e3o 4.966<\/b> tamb\u00e9m contribuiu para agravar o problema, ao estabelecer crit\u00e9rios mais rigorosos para a concess\u00e3o de cr\u00e9dito, dificultando ainda mais o acesso, especialmente para pequenos e m\u00e9dios produtores.<\/p>\n<p>Outro fator que agrava a situa\u00e7\u00e3o \u00e9 a redu\u00e7\u00e3o no or\u00e7amento do <b>Programa de Subven\u00e7\u00e3o ao Pr\u00eamio do Seguro Rural (PSR)<\/b>. Em janeiro de 2025, seguradoras foram surpreendidas com a not\u00edcia de que R$ 67 milh\u00f5es em subven\u00e7\u00f5es n\u00e3o seriam pagos, comprometendo cerca de 10 mil ap\u00f3lices j\u00e1 contratadas. Ap\u00f3s rea\u00e7\u00e3o do setor agropecu\u00e1rio e negocia\u00e7\u00f5es com o Minist\u00e9rio da Agricultura e Pecu\u00e1ria (Mapa), foi anunciado um rearranjo or\u00e7ament\u00e1rio para garantir o pagamento dessas ap\u00f3lices no primeiro trimestre. No entanto, a medida implicar\u00e1 a subtra\u00e7\u00e3o de recursos do or\u00e7amento anual, aumentando a incerteza futura.<\/p>\n<p>Al\u00e9m disso, <b>a exclus\u00e3o do seguro rural como item obrigat\u00f3rio<\/b> no or\u00e7amento federal gerou forte repercuss\u00e3o negativa. Essa decis\u00e3o, aliada \u00e0 instabilidade or\u00e7ament\u00e1ria, prejudica o planejamento de longo prazo, indispens\u00e1vel para produtores que enfrentam tanto os desafios clim\u00e1ticos quanto os econ\u00f4micos.[\/et_pb_text][et_pb_text admin_label=&#8221;Subt\u00edtulo&#8221; _builder_version=&#8221;4.27.3&#8243; _module_preset=&#8221;default&#8221; text_font=&#8221;&#8211;et_global_heading_font|700|||||||&#8221; text_text_color=&#8221;#7F7A83&#8243; text_font_size=&#8221;25px&#8221; text_line_height=&#8221;1.2em&#8221; custom_margin=&#8221;||30px||false|false&#8221; text_font_size_last_edited=&#8221;off|desktop&#8221; global_colors_info=&#8221;{}&#8221; width__hover_enabled=&#8221;off|desktop&#8221;]Um futuro resiliente exige esfor\u00e7os conjuntos[\/et_pb_text][et_pb_text admin_label=&#8221;Corpo&#8221; _builder_version=&#8221;4.27.3&#8243; _module_preset=&#8221;default&#8221; text_font=&#8221;&#8211;et_global_heading_font||||||||&#8221; text_text_color=&#8221;#7F7A83&#8243; custom_margin=&#8221;||30px||false|false&#8221; text_font_size_last_edited=&#8221;off|desktop&#8221; global_colors_info=&#8221;{}&#8221; width__hover_enabled=&#8221;off|desktop&#8221;]O agroneg\u00f3cio vive um cen\u00e1rio dif\u00edcil, marcado pela combina\u00e7\u00e3o de eventos clim\u00e1ticos extremos e dificuldades econ\u00f4micas. Para garantir sua sustentabilidade e competitividade, \u00e9 fundamental que produtores, governo, seguradoras e institui\u00e7\u00f5es financeiras trabalhem de forma integrada.<\/p>\n<p>Somente com estrat\u00e9gias preventivas, planejamento consistente, apoio governamental robusto e solu\u00e7\u00f5es inovadoras ser\u00e1 poss\u00edvel construir um agroneg\u00f3cio resiliente, capaz de enfrentar os desafios das mudan\u00e7as clim\u00e1ticas e manter sua posi\u00e7\u00e3o como motor da economia nacional.[\/et_pb_text][\/et_pb_column][\/et_pb_row][et_pb_row column_structure=&#8221;1_4,3_4&#8243; use_custom_gutter=&#8221;on&#8221; gutter_width=&#8221;1&#8243; make_equal=&#8221;on&#8221; custom_padding_last_edited=&#8221;on|desktop&#8221; disabled_on=&#8221;off|off|off&#8221; admin_label=&#8221;Assinatura com foto&#8221; _builder_version=&#8221;4.27.3&#8243; background_size=&#8221;initial&#8221; background_position=&#8221;top_left&#8221; background_repeat=&#8221;repeat&#8221; width=&#8221;90%&#8221; max_width=&#8221;900px&#8221; module_alignment=&#8221;center&#8221; custom_margin=&#8221;9px||50px||false|false&#8221; custom_padding=&#8221;0px|50px|0px|50px|false|false&#8221; custom_padding_tablet=&#8221;0px|50px|0px|50px|false|false&#8221; custom_padding_phone=&#8221;|30px||30px|false|false&#8221; locked=&#8221;off&#8221; global_colors_info=&#8221;{}&#8221;][et_pb_column type=&#8221;1_4&#8243; _builder_version=&#8221;4.27.3&#8243; custom_padding=&#8221;|||&#8221; custom_css_main_element=&#8221;width: 125px !important;&#8221; global_colors_info=&#8221;{}&#8221; custom_padding__hover=&#8221;|||&#8221;][et_pb_image src=&#8221;https:\/\/acrisure.com.br\/insights\/wp-content\/uploads\/turbinar-especiais-artigo-agro-karina.jpg&#8221; title_text=&#8221;turbinar-especiais-artigo-agro-karina&#8221; _builder_version=&#8221;4.27.3&#8243; _module_preset=&#8221;default&#8221; width=&#8221;106px&#8221; max_width=&#8221;100%&#8221; module_alignment=&#8221;left&#8221; min_height=&#8221;100px&#8221; custom_margin_tablet=&#8221;||10px||false|false&#8221; custom_margin_phone=&#8221;||10px||false|false&#8221; custom_margin_last_edited=&#8221;on|tablet&#8221; custom_css_free_form=&#8221;selector img {||  object-fit: cover; object-position: center;||}&#8221; border_radii=&#8221;on|50%|50%|50%|50%&#8221; border_width_all=&#8221;3px&#8221; border_color_all=&#8221;#85B73C&#8221; global_colors_info=&#8221;{}&#8221;][\/et_pb_image][\/et_pb_column][et_pb_column type=&#8221;3_4&#8243; _builder_version=&#8221;4.16&#8243; custom_padding=&#8221;|||&#8221; global_colors_info=&#8221;{}&#8221; custom_padding__hover=&#8221;|||&#8221;][et_pb_text admin_label=&#8221;Conte\u00fado&#8221; _builder_version=&#8221;4.27.3&#8243; _module_preset=&#8221;default&#8221; text_font=&#8221;|700|on||||||&#8221; text_text_color=&#8221;#7F7A83&#8243; text_letter_spacing=&#8221;1px&#8221; text_line_height=&#8221;1.3em&#8221; positioning=&#8221;absolute&#8221; position_origin_a=&#8221;center_left&#8221; horizontal_offset=&#8221;-3px&#8221; position_origin_a_tablet=&#8221;center_left&#8221; position_origin_a_phone=&#8221;center_left&#8221; position_origin_a_last_edited=&#8221;on|desktop&#8221; position_origin_f_tablet=&#8221;&#8221; position_origin_f_phone=&#8221;&#8221; position_origin_f_last_edited=&#8221;on|desktop&#8221; position_origin_r_tablet=&#8221;&#8221; position_origin_r_phone=&#8221;&#8221; position_origin_r_last_edited=&#8221;on|desktop&#8221; width=&#8221;100%&#8221; custom_margin=&#8221;||||false|false&#8221; positioning_tablet=&#8221;none&#8221; positioning_phone=&#8221;none&#8221; positioning_last_edited=&#8221;on|tablet&#8221; global_colors_info=&#8221;{}&#8221;]<\/p>\n<p style=\"padding-bottom: 1px; font-size: 15px;\">\u203a Escrito com apoio de<\/p>\n<p><span style=\"color: #85b73c;\">KARINA ANDRADE<\/span><br \/>\nDiretora de Ramos Elementares na It&#8217;sSeg &#8211; Acrisure[\/et_pb_text][\/et_pb_column][\/et_pb_row][\/et_pb_section][et_pb_section fb_built=&#8221;1&#8243; admin_label=&#8221;Imagem 3&#8243; module_id=&#8221;saude&#8221; _builder_version=&#8221;4.27.3&#8243; _module_preset=&#8221;default&#8221; background_color=&#8221;rgba(0,0,0,0.5)&#8221; background_image=&#8221;https:\/\/acrisure.com.br\/insights\/wp-content\/uploads\/turbinar-especiais-artigo-saude.jpg&#8221; parallax=&#8221;on&#8221; background_blend=&#8221;multiply&#8221; min_height=&#8221;80vh&#8221; custom_padding=&#8221;0px||0px||false|false&#8221; locked=&#8221;off&#8221; collapsed=&#8221;on&#8221; global_colors_info=&#8221;{}&#8221;][\/et_pb_section][et_pb_section fb_built=&#8221;1&#8243; custom_padding_last_edited=&#8221;on|phone&#8221; admin_label=&#8221;Artigo 3&#8243; module_id=&#8221;saude&#8221; _builder_version=&#8221;4.27.3&#8243; _module_preset=&#8221;default&#8221; background_color=&#8221;RGBA(255,255,255,0)&#8221; custom_margin=&#8221;0px||||false|false&#8221; custom_padding=&#8221;0px||50px||false|false&#8221; custom_padding_tablet=&#8221;0px||50px||false|false&#8221; custom_padding_phone=&#8221;0px||40px||false|false&#8221; locked=&#8221;off&#8221; collapsed=&#8221;on&#8221; global_colors_info=&#8221;{}&#8221;][et_pb_row use_custom_gutter=&#8221;on&#8221; gutter_width=&#8221;2&#8243; make_equal=&#8221;on&#8221; custom_padding_last_edited=&#8221;on|phone&#8221; admin_label=&#8221;T\u00edtulo&#8221; _builder_version=&#8221;4.27.3&#8243; _module_preset=&#8221;default&#8221; background_color=&#8221;#FFFFFF&#8221; position_origin_a=&#8221;center_center&#8221; width=&#8221;90%&#8221; width_tablet=&#8221;80%&#8221; width_phone=&#8221;80%&#8221; width_last_edited=&#8221;off|desktop&#8221; max_width=&#8221;900px&#8221; module_alignment=&#8221;center&#8221; custom_margin=&#8221;-20vh||0px||false|false&#8221; custom_margin_tablet=&#8221;||0px||false|false&#8221; custom_margin_phone=&#8221;||0px||false|false&#8221; custom_margin_last_edited=&#8221;off|desktop&#8221; custom_padding=&#8221;40px|50px|0px|50px|false|false&#8221; custom_padding_tablet=&#8221;40px|50px|30px|50px|false|false&#8221; custom_padding_phone=&#8221;30px|30px|30px|30px|false|false&#8221; border_width_top=&#8221;5px&#8221; border_color_top=&#8221;#85B73C&#8221; locked=&#8221;off&#8221; global_colors_info=&#8221;{}&#8221;][et_pb_column type=&#8221;4_4&#8243; _builder_version=&#8221;4.27.3&#8243; _module_preset=&#8221;default&#8221; position_origin_a_tablet=&#8221;center_right&#8221; position_origin_a_phone=&#8221;center_right&#8221; position_origin_a_last_edited=&#8221;off|desktop&#8221; position_origin_f_last_edited=&#8221;off|desktop&#8221; position_origin_r_last_edited=&#8221;off|desktop&#8221; positioning_tablet=&#8221;relative&#8221; positioning_phone=&#8221;relative&#8221; positioning_last_edited=&#8221;off|desktop&#8221; global_colors_info=&#8221;{}&#8221;][et_pb_text admin_label=&#8221;T\u00edtulo&#8221; _builder_version=&#8221;4.27.3&#8243; _module_preset=&#8221;default&#8221; text_font=&#8221;&#8211;et_global_heading_font|700|||||||&#8221; text_text_color=&#8221;#7F7A83&#8243; text_font_size=&#8221;50px&#8221; text_letter_spacing=&#8221;2px&#8221; text_line_height=&#8221;1.2em&#8221; custom_margin=&#8221;||30px||false|false&#8221; text_font_size_tablet=&#8221;50px&#8221; text_font_size_phone=&#8221;30px&#8221; text_font_size_last_edited=&#8221;on|phone&#8221; custom_css_main_element=&#8221;letter-spacing: 1.4px !important;&#8221; global_colors_info=&#8221;{}&#8221;]Sa\u00fade hol\u00edstica e sucesso empresarial: uma conex\u00e3o indissoci\u00e1vel no novo mundo do trabalho[\/et_pb_text][et_pb_text admin_label=&#8221;Corpo&#8221; _builder_version=&#8221;4.27.3&#8243; _module_preset=&#8221;default&#8221; text_font=&#8221;&#8211;et_global_heading_font||||||||&#8221; text_text_color=&#8221;#7F7A83&#8243; custom_margin=&#8221;||30px||false|false&#8221; text_font_size_last_edited=&#8221;off|desktop&#8221; global_colors_info=&#8221;{}&#8221; width__hover_enabled=&#8221;off|desktop&#8221;]A sa\u00fade hol\u00edstica, que abrange os aspectos f\u00edsicos, mentais, emocionais e sociais do bem-estar, transcendeu a esfera pessoal e se tornou um fator crucial para o sucesso das empresas no cen\u00e1rio global. As evid\u00eancias s\u00e3o contundentes: empresas que investem no bem-estar integral de seus colaboradores colhem frutos como maior produtividade, menor absente\u00edsmo, atra\u00e7\u00e3o e reten\u00e7\u00e3o de talentos, e uma cultura organizacional mais forte.[\/et_pb_text][et_pb_text admin_label=&#8221;Subt\u00edtulo&#8221; _builder_version=&#8221;4.27.3&#8243; _module_preset=&#8221;default&#8221; text_font=&#8221;&#8211;et_global_heading_font|700|||||||&#8221; text_text_color=&#8221;#7F7A83&#8243; text_font_size=&#8221;25px&#8221; text_line_height=&#8221;1.2em&#8221; custom_margin=&#8221;||30px||false|false&#8221; text_font_size_last_edited=&#8221;off|desktop&#8221; global_colors_info=&#8221;{}&#8221; width__hover_enabled=&#8221;off|desktop&#8221;]A import\u00e2ncia da sa\u00fade hol\u00edstica no contexto empresarial \u00e9 cada vez mais reconhecida por diversas raz\u00f5es:[\/et_pb_text][et_pb_text admin_label=&#8221;Corpo&#8221; _builder_version=&#8221;4.27.3&#8243; _module_preset=&#8221;default&#8221; text_font=&#8221;&#8211;et_global_heading_font||||||||&#8221; text_text_color=&#8221;#7F7A83&#8243; custom_margin=&#8221;||30px||false|false&#8221; text_font_size_last_edited=&#8221;off|desktop&#8221; global_colors_info=&#8221;{}&#8221; width__hover_enabled=&#8221;off|desktop&#8221;]<\/p>\n<p><b>\u203a O relat\u00f3rio \u201cFuturo do Trabalho 2025\u201d do F\u00f3rum Econ\u00f4mico Mundial<\/b> revela que o suporte \u00e0 sa\u00fade e bem-estar dos funcion\u00e1rios se tornou uma ferramenta primordial para atrair talentos. A pesquisa aponta que 64% dos empregadores consideram essa estrat\u00e9gia para aumentar a disponibilidade de profissionais qualificados. Al\u00e9m disso, iniciativas de diversidade, equidade e inclus\u00e3o tamb\u00e9m ganharam for\u00e7a, com 83% das empresas relatando a ado\u00e7\u00e3o de pr\u00e1ticas nesse sentido.<\/p>\n<p><b>\u203a A pesquisa \u201cROI do Bem-Estar 2024\u201d do Wellhub<\/b> confirma a relev\u00e2ncia dos investimentos em bem-estar corporativo. No Brasil, 99% das empresas que medem o retorno sobre o investimento em programas de bem-estar observaram resultados positivos. Al\u00e9m disso, 91% dos l\u00edderes de RH consideram esses programas cruciais para a aquisi\u00e7\u00e3o de talentos e 95% notam uma redu\u00e7\u00e3o significativa nos afastamentos e licen\u00e7as m\u00e9dicas.<\/p>\n<p><b>\u203a O McKinsey Health Institute<\/b> complementa esse cen\u00e1rio com dados mais espec\u00edficos sobre a percep\u00e7\u00e3o dos funcion\u00e1rios em rela\u00e7\u00e3o \u00e0 sua sa\u00fade hol\u00edstica. A pesquisa, realizada em 30 pa\u00edses, incluindo o Brasil, mostra que os colaboradores com uma experi\u00eancia de trabalho positiva tendem a apresentar melhor desempenho, maior inova\u00e7\u00e3o e uma sa\u00fade mais equilibrada. No entanto, a pesquisa tamb\u00e9m destaca disparidades entre pa\u00edses e grupos demogr\u00e1ficos, com a Gera\u00e7\u00e3o Z e funcion\u00e1rios de empresas menores apresentando pontua\u00e7\u00f5es mais baixas em sa\u00fade hol\u00edstica.<\/p>\n<p><b>\u203a O Brasil se destaca com resultados acima da m\u00e9dia global,<\/b> com 62% dos funcion\u00e1rios relatando pontua\u00e7\u00f5es positivas em sa\u00fade hol\u00edstica. No entanto, o pa\u00eds tamb\u00e9m enfrenta desafios como o burnout, com 16% dos trabalhadores relatando altos n\u00edveis de exaust\u00e3o.<\/p>\n<p>[\/et_pb_text][et_pb_text admin_label=&#8221;Subt\u00edtulo&#8221; _builder_version=&#8221;4.27.3&#8243; _module_preset=&#8221;default&#8221; text_font=&#8221;&#8211;et_global_heading_font|700|||||||&#8221; text_text_color=&#8221;#7F7A83&#8243; text_font_size=&#8221;25px&#8221; text_line_height=&#8221;1.2em&#8221; width=&#8221;670px&#8221; custom_margin=&#8221;||30px||false|false&#8221; text_font_size_last_edited=&#8221;off|desktop&#8221; global_colors_info=&#8221;{}&#8221; width__hover_enabled=&#8221;off|desktop&#8221;]<\/p>\n<p>As mudan\u00e7as sociais e econ\u00f4micas que impulsionam essas tend\u00eancias s\u00e3o variadas:<\/p>\n<p>[\/et_pb_text][et_pb_text admin_label=&#8221;Corpo&#8221; _builder_version=&#8221;4.27.3&#8243; _module_preset=&#8221;default&#8221; text_font=&#8221;&#8211;et_global_heading_font||||||||&#8221; text_text_color=&#8221;#7F7A83&#8243; custom_margin=&#8221;||30px||false|false&#8221; text_font_size_last_edited=&#8221;off|desktop&#8221; global_colors_info=&#8221;{}&#8221; width__hover_enabled=&#8221;off|desktop&#8221;]<b>\u203a <\/b>A pandemia de covid-19 acelerou a digitaliza\u00e7\u00e3o do trabalho e intensificou a necessidade de equil\u00edbrio entre vida pessoal e profissional, colocando a sa\u00fade mental em destaque.<\/p>\n<p><b>\u203a <\/b> As pessoas est\u00e3o vivendo mais e buscando uma vida mais longa e saud\u00e1vel, o que impacta diretamente suas escolhas profissionais.<\/p>\n<p><b>\u203a <\/b> As novas gera\u00e7\u00f5es valorizam empresas com prop\u00f3sito e que se preocupam com o bem-estar de seus colaboradores e da sociedade.<\/p>\n<p><b>\u203a <\/b> A competi\u00e7\u00e3o global exige que as empresas invistam em seus colaboradores para se manterem competitivas.[\/et_pb_text][et_pb_text admin_label=&#8221;Subt\u00edtulo&#8221; _builder_version=&#8221;4.27.3&#8243; _module_preset=&#8221;default&#8221; text_font=&#8221;&#8211;et_global_heading_font|700|||||||&#8221; text_text_color=&#8221;#7F7A83&#8243; text_font_size=&#8221;25px&#8221; text_line_height=&#8221;1.2em&#8221; custom_margin=&#8221;||30px||false|false&#8221; text_font_size_last_edited=&#8221;off|desktop&#8221; global_colors_info=&#8221;{}&#8221; width__hover_enabled=&#8221;off|desktop&#8221;]Para as empresas brasileiras, as implica\u00e7\u00f5es s\u00e3o claras:[\/et_pb_text][et_pb_text admin_label=&#8221;Corpo&#8221; _builder_version=&#8221;4.27.3&#8243; _module_preset=&#8221;default&#8221; text_font=&#8221;&#8211;et_global_heading_font||||||||&#8221; text_text_color=&#8221;#7F7A83&#8243; custom_margin=&#8221;||30px||false|false&#8221; text_font_size_last_edited=&#8221;off|desktop&#8221; locked=&#8221;off&#8221; global_colors_info=&#8221;{}&#8221; width__hover_enabled=&#8221;off|desktop&#8221;]<\/p>\n<p><b>\u203a A sa\u00fade hol\u00edstica \u00e9 um investimento estrat\u00e9gico:<\/b> ao promover o bem-estar de seus colaboradores, as empresas garantem maior engajamento, produtividade e reten\u00e7\u00e3o de talentos.<\/p>\n<p><b>\u203a \u00c9 preciso personalizar as a\u00e7\u00f5es:<\/b> as necessidades de cada grupo demogr\u00e1fico s\u00e3o diferentes, por isso \u00e9 fundamental oferecer programas de bem-estar personalizados e inclusivos.<\/p>\n<p><b>\u203a O combate de fatores estressantes \u00e9 urgente:<\/b> a exaust\u00e3o dos colaboradores impacta negativamente a sa\u00fade f\u00edsica e mental, al\u00e9m de reduzir a produtividade e aumentar os custos com sa\u00fade.<\/p>\n<p><b>\u203a A medi\u00e7\u00e3o dos resultados \u00e9 essencial:<\/b> as empresas devem acompanhar os resultados de seus programas de bem-estar para avaliar sua efic\u00e1cia e realizar ajustes quando necess\u00e1rio.<\/p>\n<p>Em resumo, a sa\u00fade hol\u00edstica \u00e9 um fator determinante para o sucesso das empresas no mundo contempor\u00e2neo. <strong>No entanto, para que as iniciativas sejam efetivas, \u00e9 fundamental que as empresas adotem um comportamento ativo.<\/strong><\/p>\n<p>Isso significa ir al\u00e9m da oferta de programas e benef\u00edcios, buscando conhecer seus colaboradores de forma aprofundada. <strong>Pesquisas de clima e mapeamento da sa\u00fade populacional<\/strong> s\u00e3o ferramentas valiosas para identificar as necessidades e expectativas dos funcion\u00e1rios.<\/p>\n<p><strong>A lideran\u00e7a tamb\u00e9m desempenha um papel crucial nesse processo.<\/strong> L\u00edderes engajados e comprometidos com o bem-estar de seus colaboradores s\u00e3o capazes de criar um ambiente de trabalho mais positivo e colaborativo.<\/p>\n<p><strong>Em um mundo cada vez mais competitivo e complexo, a sa\u00fade hol\u00edstica se posiciona como um diferencial estrat\u00e9gico para as empresas.<\/strong> Ao investir no bem-estar de seus colaboradores, as organiza\u00e7\u00f5es n\u00e3o apenas contribuem para a constru\u00e7\u00e3o de um futuro mais saud\u00e1vel e equitativo, mas tamb\u00e9m garantem sua pr\u00f3pria sustentabilidade e crescimento a longo prazo.<\/p>\n<p>[\/et_pb_text][\/et_pb_column][\/et_pb_row][et_pb_row column_structure=&#8221;1_4,3_4&#8243; use_custom_gutter=&#8221;on&#8221; gutter_width=&#8221;1&#8243; make_equal=&#8221;on&#8221; custom_padding_last_edited=&#8221;on|desktop&#8221; disabled_on=&#8221;off|off|off&#8221; admin_label=&#8221;Assinatura com foto&#8221; _builder_version=&#8221;4.27.3&#8243; background_size=&#8221;initial&#8221; background_position=&#8221;top_left&#8221; background_repeat=&#8221;repeat&#8221; width=&#8221;90%&#8221; max_width=&#8221;900px&#8221; module_alignment=&#8221;center&#8221; custom_margin=&#8221;9px||50px||false|false&#8221; custom_padding=&#8221;0px|50px|0px|50px|false|false&#8221; custom_padding_tablet=&#8221;0px|50px|0px|50px|false|false&#8221; custom_padding_phone=&#8221;|30px||30px|false|false&#8221; locked=&#8221;off&#8221; global_colors_info=&#8221;{}&#8221;][et_pb_column type=&#8221;1_4&#8243; _builder_version=&#8221;4.27.3&#8243; custom_padding=&#8221;|||&#8221; custom_css_main_element=&#8221;width: 125px !important;&#8221; global_colors_info=&#8221;{}&#8221; custom_padding__hover=&#8221;|||&#8221;][et_pb_image src=&#8221;https:\/\/acrisure.com.br\/insights\/wp-content\/uploads\/turbinar-especiais-artigo-saude-wallace.jpg&#8221; title_text=&#8221;turbinar-especiais-artigo-saude-wallace&#8221; _builder_version=&#8221;4.27.3&#8243; _module_preset=&#8221;default&#8221; width=&#8221;106px&#8221; max_width=&#8221;100%&#8221; module_alignment=&#8221;left&#8221; min_height=&#8221;100px&#8221; custom_margin_tablet=&#8221;||10px||false|false&#8221; custom_margin_phone=&#8221;||10px||false|false&#8221; custom_margin_last_edited=&#8221;on|tablet&#8221; custom_css_free_form=&#8221;selector img {||  object-fit: cover; object-position: center;||}&#8221; border_radii=&#8221;on|50%|50%|50%|50%&#8221; border_width_all=&#8221;3px&#8221; border_color_all=&#8221;#85B73C&#8221; global_colors_info=&#8221;{}&#8221;][\/et_pb_image][\/et_pb_column][et_pb_column type=&#8221;3_4&#8243; _builder_version=&#8221;4.16&#8243; custom_padding=&#8221;|||&#8221; global_colors_info=&#8221;{}&#8221; custom_padding__hover=&#8221;|||&#8221;][et_pb_text admin_label=&#8221;Conte\u00fado&#8221; _builder_version=&#8221;4.27.3&#8243; _module_preset=&#8221;default&#8221; text_font=&#8221;|700|on||||||&#8221; text_text_color=&#8221;#7F7A83&#8243; text_letter_spacing=&#8221;1px&#8221; text_line_height=&#8221;1.3em&#8221; positioning=&#8221;absolute&#8221; position_origin_a=&#8221;center_left&#8221; horizontal_offset=&#8221;-3px&#8221; position_origin_a_tablet=&#8221;center_left&#8221; position_origin_a_phone=&#8221;center_left&#8221; position_origin_a_last_edited=&#8221;on|desktop&#8221; position_origin_f_tablet=&#8221;&#8221; position_origin_f_phone=&#8221;&#8221; position_origin_f_last_edited=&#8221;on|desktop&#8221; position_origin_r_tablet=&#8221;&#8221; position_origin_r_phone=&#8221;&#8221; position_origin_r_last_edited=&#8221;on|desktop&#8221; width=&#8221;100%&#8221; custom_margin=&#8221;||||false|false&#8221; positioning_tablet=&#8221;none&#8221; positioning_phone=&#8221;none&#8221; positioning_last_edited=&#8221;on|tablet&#8221; global_colors_info=&#8221;{}&#8221;]<\/p>\n<p style=\"padding-bottom: 1px; font-size: 15px;\">\u203a Escrito com apoio de<\/p>\n<p><span style=\"color: #85b73c;\">WALLACE DE SOUZA<\/span><br \/>\nCoordenador de promo\u00e7\u00e3o de sa\u00fade na It&#8217;sSeg \u2013 Acrisure[\/et_pb_text][\/et_pb_column][\/et_pb_row][\/et_pb_section][et_pb_section fb_built=&#8221;1&#8243; admin_label=&#8221;Imagem 4&#8243; module_id=&#8221;rotas&#8221; _builder_version=&#8221;4.27.3&#8243; _module_preset=&#8221;default&#8221; background_color=&#8221;rgba(0,0,0,0.5)&#8221; background_image=&#8221;https:\/\/acrisure.com.br\/insights\/wp-content\/uploads\/turbinar-especiais-artigo-geopolitica.jpg&#8221; parallax=&#8221;on&#8221; background_blend=&#8221;multiply&#8221; min_height=&#8221;80vh&#8221; custom_padding=&#8221;0px||0px||false|false&#8221; locked=&#8221;off&#8221; collapsed=&#8221;on&#8221; global_colors_info=&#8221;{}&#8221;][\/et_pb_section][et_pb_section fb_built=&#8221;1&#8243; custom_padding_last_edited=&#8221;on|phone&#8221; admin_label=&#8221;Artigo 4&#8243; _builder_version=&#8221;4.27.3&#8243; _module_preset=&#8221;default&#8221; background_color=&#8221;RGBA(255,255,255,0)&#8221; custom_margin=&#8221;0px||||false|false&#8221; custom_padding=&#8221;0px||50px||false|false&#8221; custom_padding_tablet=&#8221;0px||50px||false|false&#8221; custom_padding_phone=&#8221;0px||40px||false|false&#8221; locked=&#8221;off&#8221; collapsed=&#8221;on&#8221; global_colors_info=&#8221;{}&#8221;][et_pb_row use_custom_gutter=&#8221;on&#8221; gutter_width=&#8221;2&#8243; make_equal=&#8221;on&#8221; custom_padding_last_edited=&#8221;on|phone&#8221; admin_label=&#8221;T\u00edtulo&#8221; _builder_version=&#8221;4.27.3&#8243; _module_preset=&#8221;default&#8221; background_color=&#8221;#FFFFFF&#8221; position_origin_a=&#8221;center_center&#8221; width=&#8221;90%&#8221; width_tablet=&#8221;80%&#8221; width_phone=&#8221;80%&#8221; width_last_edited=&#8221;off|desktop&#8221; max_width=&#8221;900px&#8221; module_alignment=&#8221;center&#8221; custom_margin=&#8221;-20vh|auto|0px|390px|false|false&#8221; custom_margin_tablet=&#8221;||0px||false|false&#8221; custom_margin_phone=&#8221;||0px||false|false&#8221; custom_margin_last_edited=&#8221;off|desktop&#8221; custom_padding=&#8221;40px|50px|0px|50px|false|false&#8221; custom_padding_tablet=&#8221;40px|50px|30px|50px|false|false&#8221; custom_padding_phone=&#8221;30px|30px|30px|30px|false|false&#8221; border_width_top=&#8221;5px&#8221; border_color_top=&#8221;#85B73C&#8221; locked=&#8221;off&#8221; global_colors_info=&#8221;{}&#8221;][et_pb_column type=&#8221;4_4&#8243; _builder_version=&#8221;4.27.3&#8243; _module_preset=&#8221;default&#8221; position_origin_a_tablet=&#8221;center_right&#8221; position_origin_a_phone=&#8221;center_right&#8221; position_origin_a_last_edited=&#8221;off|desktop&#8221; position_origin_f_last_edited=&#8221;off|desktop&#8221; position_origin_r_last_edited=&#8221;off|desktop&#8221; positioning_tablet=&#8221;relative&#8221; positioning_phone=&#8221;relative&#8221; positioning_last_edited=&#8221;off|desktop&#8221; global_colors_info=&#8221;{}&#8221;][et_pb_text admin_label=&#8221;T\u00edtulo&#8221; _builder_version=&#8221;4.27.3&#8243; _module_preset=&#8221;default&#8221; text_font=&#8221;&#8211;et_global_heading_font|700|||||||&#8221; text_text_color=&#8221;#7F7A83&#8243; text_font_size=&#8221;50px&#8221; text_letter_spacing=&#8221;2px&#8221; text_line_height=&#8221;1.2em&#8221; custom_margin=&#8221;||30px||false|false&#8221; text_font_size_tablet=&#8221;50px&#8221; text_font_size_phone=&#8221;30px&#8221; text_font_size_last_edited=&#8221;on|phone&#8221; global_colors_info=&#8221;{}&#8221;]<\/p>\n<h2>Rotas em risco: tens\u00f5es geopol\u00edticas e o futuro do seguro de transportes<\/h2>\n<p>[\/et_pb_text][et_pb_text admin_label=&#8221;Corpo&#8221; _builder_version=&#8221;4.27.3&#8243; _module_preset=&#8221;default&#8221; text_font=&#8221;&#8211;et_global_heading_font||||||||&#8221; text_text_color=&#8221;#7F7A83&#8243; custom_margin=&#8221;||30px||false|false&#8221; text_font_size_last_edited=&#8221;off|desktop&#8221; global_colors_info=&#8221;{}&#8221; width__hover_enabled=&#8221;off|desktop&#8221;]O cen\u00e1rio geopol\u00edtico global encontra-se em um estado de constante fluxo, marcado por tens\u00f5es e incertezas que reverberam diretamente no transporte de bens. Conflitos armados, san\u00e7\u00f5es econ\u00f4micas e instabilidade pol\u00edtica em diversas regi\u00f5es do mundo intensificam os riscos associados \u00e0s opera\u00e7\u00f5es log\u00edsticas, exigindo das operadoras uma adapta\u00e7\u00e3o cont\u00ednua e a busca por solu\u00e7\u00f5es para mitigar os impactos.[\/et_pb_text][et_pb_text admin_label=&#8221;Subt\u00edtulo&#8221; _builder_version=&#8221;4.27.3&#8243; _module_preset=&#8221;default&#8221; text_font=&#8221;&#8211;et_global_heading_font|700|||||||&#8221; text_text_color=&#8221;#7F7A83&#8243; text_font_size=&#8221;25px&#8221; text_line_height=&#8221;1.2em&#8221; custom_margin=&#8221;||30px||false|false&#8221; text_font_size_last_edited=&#8221;off|desktop&#8221; global_colors_info=&#8221;{}&#8221; width__hover_enabled=&#8221;off|desktop&#8221;]Como conflitos afetam o transporte global[\/et_pb_text][et_pb_text admin_label=&#8221;Corpo&#8221; _builder_version=&#8221;4.27.3&#8243; _module_preset=&#8221;default&#8221; text_font=&#8221;&#8211;et_global_heading_font||||||||&#8221; text_text_color=&#8221;#7F7A83&#8243; custom_margin=&#8221;||30px||false|false&#8221; text_font_size_last_edited=&#8221;off|desktop&#8221; locked=&#8221;off&#8221; global_colors_info=&#8221;{}&#8221; width__hover_enabled=&#8221;off|desktop&#8221;]As regi\u00f5es do Oriente M\u00e9dio, Europa e \u00c1sia concentram grande parte das tens\u00f5es geopol\u00edticas atuais. A escalada do conflito entre Israel e Palestina, a derrubada do governo de Bashar Al-Assad na S\u00edria, a guerra na Ucr\u00e2nia e as disputas territoriais na \u00c1sia, como as tens\u00f5es entre Taiwan e China, criam um ambiente de incerteza que afeta rotas comerciais e opera\u00e7\u00f5es log\u00edsticas.<\/p>\n<p><strong>Oriente M\u00e9dio:<\/strong> os ataques a embarca\u00e7\u00f5es no Mar Vermelho aumentaram em at\u00e9 <a href=\"https:\/\/elpais.com\/economia\/negocios\/2024-09-24\/las-navieras-entre-los-misiles-del-mar-rojo-la-guerra-comercial-y-la-sobrecapacidad.html?utm_source=chatgpt.com\" target=\"_blank\">299% as tarifas de frete<\/a> em rotas alternativas, usadas para evitar drones e m\u00edsseis na regi\u00e3o. Al\u00e9m disso, o desvio tem aumentado os custos de transporte e prolongado o <a href=\"https:\/\/www.transportesenegocios.pt\/a-influencia-das-tensoes-geopoliticas-nos-portos-portugueses\/\" target=\"_blank\">tempo de viagem<\/a> em at\u00e9 15 dias.<\/p>\n<p><strong>Europa:<\/strong> as san\u00e7\u00f5es impostas \u00e0 R\u00fassia em resposta \u00e0 guerra na Ucr\u00e2nia provocaram a reconfigura\u00e7\u00e3o de rotas mar\u00edtimas no Mar Negro e no Mar B\u00e1ltico, al\u00e9m de elevar os custos de transporte de commodities como petr\u00f3leo e g\u00e1s.<\/p>\n<p><strong>\u00c1sia:<\/strong> as tens\u00f5es entre Taiwan e China, assim como a instabilidade entre Coreia do Norte e Coreia do Sul, representam uma amea\u00e7a constante para a seguran\u00e7a mar\u00edtima e a estabilidade das cadeias de suprimentos na regi\u00e3o.[\/et_pb_text][et_pb_text admin_label=&#8221;Subt\u00edtulo&#8221; _builder_version=&#8221;4.27.3&#8243; _module_preset=&#8221;default&#8221; text_font=&#8221;&#8211;et_global_heading_font|700|||||||&#8221; text_text_color=&#8221;#7F7A83&#8243; text_font_size=&#8221;25px&#8221; text_line_height=&#8221;1.2em&#8221; custom_margin=&#8221;||30px||false|false&#8221; text_font_size_last_edited=&#8221;off|desktop&#8221; locked=&#8221;off&#8221; global_colors_info=&#8221;{}&#8221; width__hover_enabled=&#8221;off|desktop&#8221;]Impactos nos seguros de transportes[\/et_pb_text][et_pb_text admin_label=&#8221;Corpo&#8221; _builder_version=&#8221;4.27.3&#8243; _module_preset=&#8221;default&#8221; text_font=&#8221;&#8211;et_global_heading_font||||||||&#8221; text_text_color=&#8221;#7F7A83&#8243; custom_margin=&#8221;||30px||false|false&#8221; text_font_size_last_edited=&#8221;off|desktop&#8221; locked=&#8221;off&#8221; global_colors_info=&#8221;{}&#8221; width__hover_enabled=&#8221;off|desktop&#8221;]A instabilidade geopol\u00edtica tem um impacto significativo nos seguros de transportes. Conflitos e incertezas pol\u00edticas exigem a busca por rotas alternativas e medidas de seguran\u00e7a adicionais, elevando os custos log\u00edsticos e o valor das cargas seguradas.<\/p>\n<p>Em regi\u00f5es de alto risco, as seguradoras enfrentam restri\u00e7\u00f5es de cobertura e pr\u00eamios elevados, enquanto os sinistros tendem a ser complexos e de alto valor, exigindo gest\u00e3o especializada. Por exemplo, o seguro para embarca\u00e7\u00f5es no corredor do Mar Negro ficou <a href=\"https:\/\/www.huffingtonpost.es\/global\/los-seguros-hunden-corredor-maritimo-ucrania.html?\" target=\"_blank\">quatro vezes mais caro<\/a> devido aos ataques na regi\u00e3o.[\/et_pb_text][et_pb_text admin_label=&#8221;Subt\u00edtulo&#8221; _builder_version=&#8221;4.27.3&#8243; _module_preset=&#8221;default&#8221; text_font=&#8221;&#8211;et_global_heading_font|700|||||||&#8221; text_text_color=&#8221;#7F7A83&#8243; text_font_size=&#8221;25px&#8221; text_line_height=&#8221;1.2em&#8221; custom_margin=&#8221;||30px||false|false&#8221; text_font_size_last_edited=&#8221;off|desktop&#8221; global_colors_info=&#8221;{}&#8221; width__hover_enabled=&#8221;off|desktop&#8221;]Medidas para mitigar os riscos[\/et_pb_text][et_pb_text admin_label=&#8221;Corpo&#8221; _builder_version=&#8221;4.27.3&#8243; _module_preset=&#8221;default&#8221; text_font=&#8221;&#8211;et_global_heading_font||||||||&#8221; text_text_color=&#8221;#7F7A83&#8243; custom_margin=&#8221;||30px||false|false&#8221; text_font_size_last_edited=&#8221;off|desktop&#8221; global_colors_info=&#8221;{}&#8221; width__hover_enabled=&#8221;off|desktop&#8221;]Diante da volatilidade do cen\u00e1rio geopol\u00edtico, \u00e9 recomendado que as empresas implementem medidas robustas de mitiga\u00e7\u00e3o, como:<\/p>\n<p><b>\u203a Monitorar constantemente a situa\u00e7\u00e3o geopol\u00edtica<\/b> nas regi\u00f5es e ajustar as rotas e as medidas de seguran\u00e7a conforme necess\u00e1rio.<\/p>\n<p><b>\u203a Buscar rotas alternativas<\/b> para reduzir a depend\u00eancia de \u00e1reas inst\u00e1veis e minimizar os riscos de interrup\u00e7\u00e3o das opera\u00e7\u00f5es.<\/p>\n<p><b>\u203a Estabelecer parcerias com agentes locais<\/b> para obter informa\u00e7\u00f5es sobre a situa\u00e7\u00e3o da seguran\u00e7a e a regulamenta\u00e7\u00e3o das regi\u00f5es.<\/p>\n<p><b>\u203a Utilizar ferramentas de gest\u00e3o de risco,<\/b> como rastreamento de cargas e intelig\u00eancia artificial para planejamento de rotas, a fim de otimizar as opera\u00e7\u00f5es.<\/p>\n<p><b>\u203a Obter ap\u00f3lices de seguro<\/b> que ofere\u00e7am prote\u00e7\u00e3o completa para riscos espec\u00edficos, incluindo cobertura para guerra e atos terroristas.<\/p>\n<p>Ao adotar as medidas mencionadas, as empresas podem minimizar os riscos, reduzir os custos com seguros e garantir a continuidade de suas opera\u00e7\u00f5es.[\/et_pb_text][et_pb_text admin_label=&#8221;Subt\u00edtulo&#8221; _builder_version=&#8221;4.27.3&#8243; _module_preset=&#8221;default&#8221; text_font=&#8221;&#8211;et_global_heading_font|700|||||||&#8221; text_text_color=&#8221;#7F7A83&#8243; text_font_size=&#8221;25px&#8221; text_line_height=&#8221;1.2em&#8221; custom_margin=&#8221;||30px||false|false&#8221; text_font_size_last_edited=&#8221;off|desktop&#8221; global_colors_info=&#8221;{}&#8221; width__hover_enabled=&#8221;off|desktop&#8221;]Em resumo[\/et_pb_text][et_pb_text admin_label=&#8221;Corpo&#8221; _builder_version=&#8221;4.27.3&#8243; _module_preset=&#8221;default&#8221; text_font=&#8221;&#8211;et_global_heading_font||||||||&#8221; text_text_color=&#8221;#7F7A83&#8243; custom_margin=&#8221;||30px||false|false&#8221; text_font_size_last_edited=&#8221;off|desktop&#8221; global_colors_info=&#8221;{}&#8221; width__hover_enabled=&#8221;off|desktop&#8221;]<\/p>\n<p>Conflitos geopol\u00edticos transformam o setor de transporte e exigindo novas solu\u00e7\u00f5es para a gest\u00e3o de riscos. As empresas precisam se adaptar a esse novo cen\u00e1rio, investindo em tecnologia, diversificando suas opera\u00e7\u00f5es e buscando parcerias estrat\u00e9gicas. As seguradoras, por sua vez, precisam desenvolver produtos e servi\u00e7os mais personalizados e utilizar dados e an\u00e1lises para avaliar os riscos de forma mais precisa.<\/p>\n<p>[\/et_pb_text][\/et_pb_column][\/et_pb_row][et_pb_row column_structure=&#8221;1_4,3_4&#8243; use_custom_gutter=&#8221;on&#8221; gutter_width=&#8221;1&#8243; make_equal=&#8221;on&#8221; custom_padding_last_edited=&#8221;on|desktop&#8221; disabled_on=&#8221;off|off|off&#8221; admin_label=&#8221;Assinatura com foto&#8221; _builder_version=&#8221;4.27.3&#8243; background_size=&#8221;initial&#8221; background_position=&#8221;top_left&#8221; background_repeat=&#8221;repeat&#8221; width=&#8221;90%&#8221; max_width=&#8221;900px&#8221; module_alignment=&#8221;center&#8221; custom_margin=&#8221;9px||50px||false|false&#8221; custom_padding=&#8221;0px|50px|0px|50px|false|false&#8221; custom_padding_tablet=&#8221;0px|50px|0px|50px|false|false&#8221; custom_padding_phone=&#8221;|30px||30px|false|false&#8221; locked=&#8221;off&#8221; global_colors_info=&#8221;{}&#8221;][et_pb_column type=&#8221;1_4&#8243; _builder_version=&#8221;4.27.3&#8243; custom_padding=&#8221;|||&#8221; custom_css_main_element=&#8221;width: 125px !important;&#8221; global_colors_info=&#8221;{}&#8221; custom_padding__hover=&#8221;|||&#8221;][et_pb_image src=&#8221;https:\/\/acrisure.com.br\/insights\/wp-content\/uploads\/turbinar-especiais-artigo-geopolitica-dacio.jpg&#8221; title_text=&#8221;turbinar-especiais-artigo-geopolitica-dacio&#8221; _builder_version=&#8221;4.27.3&#8243; _module_preset=&#8221;default&#8221; width=&#8221;106px&#8221; max_width=&#8221;100%&#8221; module_alignment=&#8221;left&#8221; min_height=&#8221;100px&#8221; custom_margin_tablet=&#8221;||10px||false|false&#8221; custom_margin_phone=&#8221;||10px||false|false&#8221; custom_margin_last_edited=&#8221;on|tablet&#8221; custom_css_free_form=&#8221;selector img {||  object-fit: cover; object-position: center;||}&#8221; border_radii=&#8221;on|50%|50%|50%|50%&#8221; border_width_all=&#8221;3px&#8221; border_color_all=&#8221;#85B73C&#8221; global_colors_info=&#8221;{}&#8221;][\/et_pb_image][\/et_pb_column][et_pb_column type=&#8221;3_4&#8243; _builder_version=&#8221;4.16&#8243; custom_padding=&#8221;|||&#8221; global_colors_info=&#8221;{}&#8221; custom_padding__hover=&#8221;|||&#8221;][et_pb_text admin_label=&#8221;Conte\u00fado&#8221; _builder_version=&#8221;4.27.3&#8243; _module_preset=&#8221;default&#8221; text_font=&#8221;|700|on||||||&#8221; text_text_color=&#8221;#7F7A83&#8243; text_letter_spacing=&#8221;1px&#8221; text_line_height=&#8221;1.3em&#8221; positioning=&#8221;absolute&#8221; position_origin_a=&#8221;center_left&#8221; horizontal_offset=&#8221;-3px&#8221; position_origin_a_tablet=&#8221;center_left&#8221; position_origin_a_phone=&#8221;center_left&#8221; position_origin_a_last_edited=&#8221;on|desktop&#8221; position_origin_f_tablet=&#8221;&#8221; position_origin_f_phone=&#8221;&#8221; position_origin_f_last_edited=&#8221;on|desktop&#8221; position_origin_r_tablet=&#8221;&#8221; position_origin_r_phone=&#8221;&#8221; position_origin_r_last_edited=&#8221;on|desktop&#8221; width=&#8221;100%&#8221; custom_margin=&#8221;||||false|false&#8221; positioning_tablet=&#8221;none&#8221; positioning_phone=&#8221;none&#8221; positioning_last_edited=&#8221;on|tablet&#8221; global_colors_info=&#8221;{}&#8221;]<\/p>\n<p style=\"padding-bottom: 1px; font-size: 15px;\">\u203a Escrito com apoio de<\/p>\n<p><span style=\"color: #85b73c;\">DACIO MAROLATO<\/span><br \/>\nGerente de transportes na It&#8217;sSeg \u2013 Acrisure[\/et_pb_text][\/et_pb_column][\/et_pb_row][\/et_pb_section][et_pb_section fb_built=&#8221;1&#8243; admin_label=&#8221;Imagem 5&#8243; module_id=&#8221;energia&#8221; _builder_version=&#8221;4.27.3&#8243; _module_preset=&#8221;default&#8221; background_color=&#8221;rgba(0,0,0,0.5)&#8221; background_image=&#8221;https:\/\/acrisure.com.br\/insights\/wp-content\/uploads\/turbinar-especiais-artigo-energia.jpg&#8221; parallax=&#8221;on&#8221; background_blend=&#8221;multiply&#8221; min_height=&#8221;80vh&#8221; custom_padding=&#8221;0px||0px||false|false&#8221; locked=&#8221;off&#8221; collapsed=&#8221;on&#8221; global_colors_info=&#8221;{}&#8221;][\/et_pb_section][et_pb_section fb_built=&#8221;1&#8243; custom_padding_last_edited=&#8221;on|phone&#8221; admin_label=&#8221;Artigo 5&#8243; _builder_version=&#8221;4.27.3&#8243; _module_preset=&#8221;default&#8221; background_color=&#8221;RGBA(255,255,255,0)&#8221; custom_margin=&#8221;0px||||false|false&#8221; custom_padding=&#8221;0px||50px||false|false&#8221; custom_padding_tablet=&#8221;0px||50px||false|false&#8221; custom_padding_phone=&#8221;0px||40px||false|false&#8221; locked=&#8221;off&#8221; collapsed=&#8221;on&#8221; global_colors_info=&#8221;{}&#8221;][et_pb_row use_custom_gutter=&#8221;on&#8221; gutter_width=&#8221;2&#8243; make_equal=&#8221;on&#8221; custom_padding_last_edited=&#8221;on|phone&#8221; admin_label=&#8221;T\u00edtulo&#8221; _builder_version=&#8221;4.27.3&#8243; _module_preset=&#8221;default&#8221; background_color=&#8221;#FFFFFF&#8221; position_origin_a=&#8221;center_center&#8221; width=&#8221;90%&#8221; width_tablet=&#8221;80%&#8221; width_phone=&#8221;80%&#8221; width_last_edited=&#8221;off|desktop&#8221; max_width=&#8221;900px&#8221; module_alignment=&#8221;center&#8221; custom_margin=&#8221;-20vh|auto|0px|390px|false|false&#8221; custom_margin_tablet=&#8221;||0px||false|false&#8221; custom_margin_phone=&#8221;||0px||false|false&#8221; custom_margin_last_edited=&#8221;off|desktop&#8221; custom_padding=&#8221;40px|50px|0px|50px|false|false&#8221; custom_padding_tablet=&#8221;40px|50px|30px|50px|false|false&#8221; custom_padding_phone=&#8221;30px|30px|30px|30px|false|false&#8221; border_width_top=&#8221;5px&#8221; border_color_top=&#8221;#85B73C&#8221; locked=&#8221;off&#8221; global_colors_info=&#8221;{}&#8221;][et_pb_column type=&#8221;4_4&#8243; _builder_version=&#8221;4.27.3&#8243; _module_preset=&#8221;default&#8221; position_origin_a_tablet=&#8221;center_right&#8221; position_origin_a_phone=&#8221;center_right&#8221; position_origin_a_last_edited=&#8221;off|desktop&#8221; position_origin_f_last_edited=&#8221;off|desktop&#8221; position_origin_r_last_edited=&#8221;off|desktop&#8221; positioning_tablet=&#8221;relative&#8221; positioning_phone=&#8221;relative&#8221; positioning_last_edited=&#8221;off|desktop&#8221; global_colors_info=&#8221;{}&#8221;][et_pb_text admin_label=&#8221;T\u00edtulo&#8221; _builder_version=&#8221;4.27.3&#8243; _module_preset=&#8221;default&#8221; text_font=&#8221;&#8211;et_global_heading_font|700|||||||&#8221; text_text_color=&#8221;#7F7A83&#8243; text_font_size=&#8221;50px&#8221; text_letter_spacing=&#8221;2px&#8221; text_line_height=&#8221;1.2em&#8221; custom_margin=&#8221;||30px||false|false&#8221; text_font_size_tablet=&#8221;50px&#8221; text_font_size_phone=&#8221;30px&#8221; text_font_size_last_edited=&#8221;on|phone&#8221; global_colors_info=&#8221;{}&#8221;]<\/p>\n<h2>A import\u00e2ncia da gest\u00e3o de riscos na\u00a0expans\u00e3o da energia renov\u00e1vel no\u00a0Brasil<\/h2>\n<p>[\/et_pb_text][et_pb_text admin_label=&#8221;Corpo&#8221; _builder_version=&#8221;4.27.3&#8243; _module_preset=&#8221;default&#8221; text_font=&#8221;&#8211;et_global_heading_font||||||||&#8221; text_text_color=&#8221;#7F7A83&#8243; custom_margin=&#8221;||30px||false|false&#8221; text_font_size_last_edited=&#8221;off|desktop&#8221; global_colors_info=&#8221;{}&#8221; width__hover_enabled=&#8221;off|desktop&#8221;]<\/p>\n<p>O mercado de energia el\u00e9trica renov\u00e1vel no Brasil est\u00e1 em plena expans\u00e3o, impulsionado por investimentos bilion\u00e1rios e um crescente compromisso com a sustentabilidade. O Pa\u00eds aparece entre os 10 principais mercados globais de investimento em energias renov\u00e1veis no relat\u00f3rio &#8220;Energy Transition Investment Trends&#8221; da BloombergNEF, com um total investido de US$ 30,4 bilh\u00f5es em 2024.<\/p>\n<p>Al\u00e9m disso, no \u00faltimo ano, o Brasil registrou recorde na quantidade de usinas instaladas. Ao todo, foram 301 novas plantas distribu\u00eddas entre 16 estados brasileiros, as quais contam com <a href=\"https:\/\/www.gov.br\/mme\/pt-br\/assuntos\/noticias\/brasil-bateu-recorde-em-2024-na-expansao-da-matriz-eletrica-com-o-acrescimo-de-10-9-gw\" target=\"_blank\" rel=\"noopener\">91,13% de pot\u00eancia proveniente de fontes renov\u00e1veis<\/a>, \u2013 destaque para solar fotovoltaica (51,87%) e e\u00f3lica (39,26%).<\/p>\n<p>Esse cen\u00e1rio promissor, por\u00e9m, tamb\u00e9m traz desafios complexos que exigem uma abordagem mais estruturada para o gerenciamento de riscos \u2013 seja em projetos de gera\u00e7\u00e3o, transmiss\u00e3o ou distribui\u00e7\u00e3o.<\/p>\n<p><b>\u203a Riscos clim\u00e1ticos:<\/b> o Brasil e o mundo est\u00e3o cada vez mais exposto a eventos clim\u00e1ticos extremos, como secas, inunda\u00e7\u00f5es, tempestades, ondas de calor, entre outros fen\u00f4menos capazes de afetar a gera\u00e7\u00e3o, transmiss\u00e3o e distribui\u00e7\u00e3o de energia, al\u00e9m de danificar as instala\u00e7\u00f5es. Um estudo da Universidade Federal de S\u00e3o Paulo (Unifesp) aponta que a frequ\u00eancia de intemp\u00e9ries clim\u00e1ticas no Pa\u00eds <a href=\"https:\/\/agenciabrasil.ebc.com.br\/meio-ambiente\/noticia\/2024-12\/desastres-climaticos-aumentaram-250-em-quatro-anos-mostra-estudo\" target=\"_blank\" rel=\"noopener\">aumentou 250% nos \u00faltimos quatro anos<\/a>. Portanto, \u00e9 preciso avaliar a vulnerabilidade dos projetos a esses eventos e implementar medidas de prote\u00e7\u00e3o adequadas, como planos de conting\u00eancia, sistemas protecionais e contrata\u00e7\u00e3o adequada de ap\u00f3lices de seguro.<\/p>\n<p><b>\u203a Riscos operacionais:<\/b> as instala\u00e7\u00f5es f\u00edsicas de qualquer empresa por si s\u00f3 est\u00e3o sujeitas a riscos do dia a dia de suas opera\u00e7\u00f5es, como falhas de equipamentos, acidentes diversos, inc\u00eandios e explos\u00f5es. Um levantamento feito pela Associa\u00e7\u00e3o Brasileira de Energia E\u00f3lica (ABEE\u00f3lica) revela que as <a href=\"https:\/\/abeeolica.org.br\/wp-content\/uploads\/2022\/03\/MARIO-GONZALES.pdf\" target=\"_blank\" rel=\"noopener\">falhas na rede de transmiss\u00e3o s\u00e3o a principal causa de paradas n\u00e3o programadas<\/a> em parques e\u00f3licos no Brasil. Os gestores t\u00eam a responsabilidade de assegurar a implementa\u00e7\u00e3o de medidas de seguran\u00e7a e manuten\u00e7\u00e3o preventiva, a fim de minimizar os riscos, al\u00e9m de contratar seguros contra eventuais perdas causadas por eventos s\u00fabitos e imprevistos.<\/p>\n<p><b>\u203a Riscos de Responsabilidade Civil:<\/b> as empresas do setor de energia renov\u00e1vel podem ser responsabilizadas por danos a terceiros, como acidentes, polui\u00e7\u00e3o e impactos ambientais. Diversas fontes, incluindo estudos acad\u00eamicos, artigos de especialistas e not\u00edcias do setor, apontam que <strong>os riscos de responsabilidade civil s\u00e3o um dos principais desafios para o setor de energia renov\u00e1vel no Brasil<\/strong>. Al\u00e9m da implementa\u00e7\u00e3o de pr\u00e1ticas de gest\u00e3o ambiental e social para minimizar os efeitos financeiros de tais processos, a contrata\u00e7\u00e3o correta de seguros de responsabilidade civil vem para preservar a continuidade do neg\u00f3cio e proteger as empresas contra esses riscos.<\/p>\n<p><b>\u203a Riscos Cibern\u00e9ticos:<\/b> com o processo de moderniza\u00e7\u00e3o e novas tecnologias, as ind\u00fastrias do setor est\u00e3o cada vez mais conectadas a sistemas digitais, o que as torna vulner\u00e1veis a ataques cibern\u00e9ticos, que podem causar interrup\u00e7\u00f5es no fornecimento de energia, perdas de dados e perdas financeiras. Uma pesquisa da Deloitte revela que <a href=\"https:\/\/www.deloitte.com\/pt\/pt\/services\/consulting-risk\/blogs\/stepping-into-the-future-of-cyber-energy-resources-industrials.html\" target=\"_blank\" rel=\"noopener\">o setor de energia \u00e9 um dos mais afetados por ataques cibern\u00e9ticos no mundo<\/a>. \u00c9 urgente que medidas de ciberseguran\u00e7a sejam implementadas para proteger as instala\u00e7\u00f5es de tais ataques, bem como a contrata\u00e7\u00e3o de seguros para cobrir eventuais perdas.<\/p>\n<p><b>\u203a Riscos Regulat\u00f3rios:<\/b> o mercado ainda enfrenta entraves regulat\u00f3rios que est\u00e3o longe de ser desprez\u00edveis. As leis e regulamenta\u00e7\u00f5es de energias renov\u00e1veis, por serem t\u00e3o complexas e ainda estarem sujeitas a mudan\u00e7as, s\u00e3o um fator crucial, uma vez que a estabilidade \u00e9 de grande import\u00e2ncia para investidores e companhias. O fato de n\u00e3o haver coordena\u00e7\u00e3o entre \u00f3rg\u00e3os governamentais pode prejudicar a sustentabilidade do setor. Para mitigar esse risco, \u00e9 necess\u00e1rio acompanhar de perto as decis\u00f5es dos \u00f3rg\u00e3os reguladores e da Justi\u00e7a, participar de debates p\u00fablicos, buscar apoio de associa\u00e7\u00f5es e contar com especialistas para garantir a conformidade com as normas vigentes.<\/p>\n<p><b>\u203a Riscos Financeiros:<\/b> os projetos de energia por fontes renov\u00e1veis requerem investimentos significativos e podem enfrentar riscos como a volatilidade de pre\u00e7os, fatores macro e microecon\u00f4micos, dificuldade de obten\u00e7\u00e3o de cr\u00e9dito e a inadimpl\u00eancia de clientes. O levantamento da BloombergNEF (BNEF) aponta que o custo de financiamento \u00e9 um dos principais desafios para a energia verde no Brasil. Para superar tais desafios, \u00e9 preciso monitorar de perto os indicadores financeiros e implementar medidas de prote\u00e7\u00e3o com a diversifica\u00e7\u00e3o de fontes de financiamento, inclusive utilizando o seguro de cr\u00e9dito para se proteger contra poss\u00edveis inadimpl\u00eancias por parte dos clientes.<\/p>\n<p>Para minimizar os riscos e maximizar os benef\u00edcios do setor, recomendamos adotar uma abordagem proativa e abrangente, que inclua:<\/p>\n<p><b>\u203a<\/b> Identificar e avaliar os riscos em todas as fases do projeto, desde a concep\u00e7\u00e3o at\u00e9 a opera\u00e7\u00e3o, utilizando metodologias adequadas e envolvendo especialistas em diferentes \u00e1reas.<\/p>\n<p><b>\u203a<\/b> Mapear os riscos para visualiz\u00e1-los por categoria, probabilidade e impacto, facilitando a prioriza\u00e7\u00e3o das a\u00e7\u00f5es de mitiga\u00e7\u00e3o.<\/p>\n<p><b>\u203a<\/b> Desenvolver estrat\u00e9gias de mitiga\u00e7\u00e3o para cada risco identificado, que podem incluir a preven\u00e7\u00e3o, a transfer\u00eancia (seguros), a aceita\u00e7\u00e3o e a redu\u00e7\u00e3o dos riscos.<\/p>\n<p><b>\u203a<\/b> Implementar controles internos para garantir a efic\u00e1cia das estrat\u00e9gias de mitiga\u00e7\u00e3o, como pol\u00edticas, procedimentos, planos de conting\u00eancia, treinamentos e auditorias.<\/p>\n<p><b>\u203a<\/b> Monitorar continuamente os riscos e revisar as estrat\u00e9gias de mitiga\u00e7\u00e3o em fun\u00e7\u00e3o das mudan\u00e7as no mercado e nos projetos.<\/p>\n<p><b>\u203a<\/b> Comunicar os riscos e as estrat\u00e9gias de mitiga\u00e7\u00e3o para as partes interessadas, como a alta administra\u00e7\u00e3o, os investidores, os colaboradores e os \u00f3rg\u00e3os reguladores.<\/p>\n<p>De fato, a energia limpa no Brasil oferece um futuro promissor, mas \u00e9 necess\u00e1rio que a gest\u00e3o de riscos esteja preparada para enfrentar os desafios inerentes a esse setor. Quando geridos com rigor, \u00e9 poss\u00edvel n\u00e3o apenas proteger seus investimentos, mas tamb\u00e9m garantir a continuidade de seus neg\u00f3cios e, claro, promover o crescimento sustent\u00e1vel de longo prazo do pa\u00eds.<\/p>\n<p>[\/et_pb_text][\/et_pb_column][\/et_pb_row][et_pb_row column_structure=&#8221;1_4,3_4&#8243; use_custom_gutter=&#8221;on&#8221; gutter_width=&#8221;1&#8243; make_equal=&#8221;on&#8221; custom_padding_last_edited=&#8221;on|desktop&#8221; disabled_on=&#8221;off|off|off&#8221; admin_label=&#8221;Assinatura com foto&#8221; _builder_version=&#8221;4.27.3&#8243; background_size=&#8221;initial&#8221; background_position=&#8221;top_left&#8221; background_repeat=&#8221;repeat&#8221; width=&#8221;90%&#8221; max_width=&#8221;900px&#8221; module_alignment=&#8221;center&#8221; custom_margin=&#8221;9px||50px||false|false&#8221; custom_padding=&#8221;0px|50px|0px|50px|false|false&#8221; custom_padding_tablet=&#8221;0px|50px|0px|50px|false|false&#8221; custom_padding_phone=&#8221;|30px||30px|false|false&#8221; locked=&#8221;off&#8221; global_colors_info=&#8221;{}&#8221;][et_pb_column type=&#8221;1_4&#8243; _builder_version=&#8221;4.27.3&#8243; custom_padding=&#8221;|||&#8221; custom_css_main_element=&#8221;width: 125px !important;&#8221; global_colors_info=&#8221;{}&#8221; custom_padding__hover=&#8221;|||&#8221;][et_pb_image src=&#8221;https:\/\/acrisure.com.br\/insights\/wp-content\/uploads\/turbinar-especiais-artigo-energia-rodolfo.jpg&#8221; title_text=&#8221;turbinar-especiais-artigo-energia-rodolfo&#8221; _builder_version=&#8221;4.27.3&#8243; _module_preset=&#8221;default&#8221; width=&#8221;106px&#8221; max_width=&#8221;100%&#8221; module_alignment=&#8221;left&#8221; min_height=&#8221;100px&#8221; custom_margin_tablet=&#8221;||10px||false|false&#8221; custom_margin_phone=&#8221;||10px||false|false&#8221; custom_margin_last_edited=&#8221;on|tablet&#8221; custom_css_free_form=&#8221;selector img {||  object-fit: cover; object-position: center;||}&#8221; border_radii=&#8221;on|50%|50%|50%|50%&#8221; border_width_all=&#8221;3px&#8221; border_color_all=&#8221;#85B73C&#8221; global_colors_info=&#8221;{}&#8221;][\/et_pb_image][\/et_pb_column][et_pb_column type=&#8221;3_4&#8243; _builder_version=&#8221;4.16&#8243; custom_padding=&#8221;|||&#8221; global_colors_info=&#8221;{}&#8221; custom_padding__hover=&#8221;|||&#8221;][et_pb_text admin_label=&#8221;Conte\u00fado&#8221; _builder_version=&#8221;4.27.3&#8243; _module_preset=&#8221;default&#8221; text_font=&#8221;|700|on||||||&#8221; text_text_color=&#8221;#7F7A83&#8243; text_letter_spacing=&#8221;1px&#8221; text_line_height=&#8221;1.3em&#8221; positioning=&#8221;absolute&#8221; position_origin_a=&#8221;center_left&#8221; horizontal_offset=&#8221;-3px&#8221; position_origin_a_tablet=&#8221;center_left&#8221; position_origin_a_phone=&#8221;center_left&#8221; position_origin_a_last_edited=&#8221;on|desktop&#8221; position_origin_f_tablet=&#8221;&#8221; position_origin_f_phone=&#8221;&#8221; position_origin_f_last_edited=&#8221;on|desktop&#8221; position_origin_r_tablet=&#8221;&#8221; position_origin_r_phone=&#8221;&#8221; position_origin_r_last_edited=&#8221;on|desktop&#8221; width=&#8221;100%&#8221; custom_margin=&#8221;||||false|false&#8221; positioning_tablet=&#8221;none&#8221; positioning_phone=&#8221;none&#8221; positioning_last_edited=&#8221;on|tablet&#8221; global_colors_info=&#8221;{}&#8221;]<\/p>\n<p style=\"padding-bottom: 1px; font-size: 15px;\">\u203a Escrito com apoio de<\/p>\n<p><span style=\"color: #85b73c;\">RODOLFO MARTINS<\/span><br \/>\nSuperintendente t\u00e9cnico de Ramos Elementares na It&#8217;sSeg \u2013 Acrisure[\/et_pb_text][\/et_pb_column][\/et_pb_row][\/et_pb_section][et_pb_section fb_built=&#8221;1&#8243; admin_label=&#8221;Imagem 6&#8243; module_id=&#8221;inss&#8221; _builder_version=&#8221;4.27.3&#8243; _module_preset=&#8221;default&#8221; background_color=&#8221;rgba(0,0,0,0.5)&#8221; background_image=&#8221;https:\/\/acrisure.com.br\/insights\/wp-content\/uploads\/turbinar-especiais-artigo-automatizacao-marcacao.jpg&#8221; parallax=&#8221;on&#8221; background_blend=&#8221;multiply&#8221; min_height=&#8221;80vh&#8221; custom_padding=&#8221;0px||0px||false|false&#8221; locked=&#8221;off&#8221; collapsed=&#8221;on&#8221; global_colors_info=&#8221;{}&#8221;][\/et_pb_section][et_pb_section fb_built=&#8221;1&#8243; custom_padding_last_edited=&#8221;on|phone&#8221; admin_label=&#8221;Artigo 6&#8243; _builder_version=&#8221;4.27.3&#8243; _module_preset=&#8221;default&#8221; background_color=&#8221;RGBA(255,255,255,0)&#8221; custom_margin=&#8221;0px||||false|false&#8221; custom_padding=&#8221;0px||50px||false|false&#8221; custom_padding_tablet=&#8221;0px||50px||false|false&#8221; custom_padding_phone=&#8221;0px||40px||false|false&#8221; locked=&#8221;off&#8221; collapsed=&#8221;on&#8221; global_colors_info=&#8221;{}&#8221;][et_pb_row use_custom_gutter=&#8221;on&#8221; gutter_width=&#8221;2&#8243; make_equal=&#8221;on&#8221; custom_padding_last_edited=&#8221;on|phone&#8221; admin_label=&#8221;T\u00edtulo&#8221; _builder_version=&#8221;4.27.3&#8243; _module_preset=&#8221;default&#8221; background_color=&#8221;#FFFFFF&#8221; position_origin_a=&#8221;center_center&#8221; width=&#8221;90%&#8221; width_tablet=&#8221;80%&#8221; width_phone=&#8221;80%&#8221; width_last_edited=&#8221;off|desktop&#8221; max_width=&#8221;900px&#8221; module_alignment=&#8221;center&#8221; custom_margin=&#8221;-20vh|auto|0px|390px|false|false&#8221; custom_margin_tablet=&#8221;||0px||false|false&#8221; custom_margin_phone=&#8221;||0px||false|false&#8221; custom_margin_last_edited=&#8221;off|desktop&#8221; custom_padding=&#8221;40px|50px|0px|50px|false|false&#8221; custom_padding_tablet=&#8221;40px|50px|30px|50px|false|false&#8221; custom_padding_phone=&#8221;30px|30px|30px|30px|false|false&#8221; border_width_top=&#8221;5px&#8221; border_color_top=&#8221;#85B73C&#8221; locked=&#8221;off&#8221; global_colors_info=&#8221;{}&#8221;][et_pb_column type=&#8221;4_4&#8243; _builder_version=&#8221;4.27.3&#8243; _module_preset=&#8221;default&#8221; position_origin_a_tablet=&#8221;center_right&#8221; position_origin_a_phone=&#8221;center_right&#8221; position_origin_a_last_edited=&#8221;off|desktop&#8221; position_origin_f_last_edited=&#8221;off|desktop&#8221; position_origin_r_last_edited=&#8221;off|desktop&#8221; positioning_tablet=&#8221;relative&#8221; positioning_phone=&#8221;relative&#8221; positioning_last_edited=&#8221;off|desktop&#8221; global_colors_info=&#8221;{}&#8221;][et_pb_text admin_label=&#8221;T\u00edtulo&#8221; _builder_version=&#8221;4.27.3&#8243; _module_preset=&#8221;default&#8221; text_font=&#8221;&#8211;et_global_heading_font|700|||||||&#8221; text_text_color=&#8221;#7F7A83&#8243; text_font_size=&#8221;50px&#8221; text_letter_spacing=&#8221;2px&#8221; text_line_height=&#8221;1.2em&#8221; custom_margin=&#8221;||30px||false|false&#8221; text_font_size_tablet=&#8221;50px&#8221; text_font_size_phone=&#8221;30px&#8221; text_font_size_last_edited=&#8221;on|phone&#8221; global_colors_info=&#8221;{}&#8221;]<\/p>\n<h2>Automatiza\u00e7\u00e3o no INSS: revolu\u00e7\u00e3o na implanta\u00e7\u00e3o de benef\u00edcios judiciais<\/h2>\n<p>[\/et_pb_text][et_pb_text admin_label=&#8221;Corpo&#8221; _builder_version=&#8221;4.27.3&#8243; _module_preset=&#8221;default&#8221; text_font=&#8221;&#8211;et_global_heading_font||||||||&#8221; text_text_color=&#8221;#7F7A83&#8243; custom_margin=&#8221;||30px||false|false&#8221; text_font_size_last_edited=&#8221;off|desktop&#8221; global_colors_info=&#8221;{}&#8221; width__hover_enabled=&#8221;off|desktop&#8221;]A transforma\u00e7\u00e3o digital no Instituto Nacional do Seguro Social (INSS) representa uma das maiores mudan\u00e7as estruturais na gest\u00e3o de benef\u00edcios previdenci\u00e1rios no Brasil. A implanta\u00e7\u00e3o autom\u00e1tica de benef\u00edcios judiciais, impulsionada pelo sistema INSSJUD, \u00e9 mais um marco nessa evolu\u00e7\u00e3o.<\/p>\n<p>A medida, prevista na Portaria PRES\/INSS n\u00ba 1.490, visa acelerar e dar mais seguran\u00e7a ao processamento de benef\u00edcios concedidos judicialmente, garantindo mais efici\u00eancia e redu\u00e7\u00e3o de filas.<\/p>\n<p>No entanto, al\u00e9m do entusiasmo com os avan\u00e7os tecnol\u00f3gicos, \u00e9 necess\u00e1rio um olhar cr\u00edtico sobre seus impactos reais e os desafios que ainda precisam ser superados.[\/et_pb_text][et_pb_text admin_label=&#8221;Subt\u00edtulo&#8221; _builder_version=&#8221;4.27.3&#8243; _module_preset=&#8221;default&#8221; text_font=&#8221;&#8211;et_global_heading_font|700|||||||&#8221; text_text_color=&#8221;#7F7A83&#8243; text_font_size=&#8221;25px&#8221; text_line_height=&#8221;1.2em&#8221; custom_margin=&#8221;||30px||false|false&#8221; text_font_size_last_edited=&#8221;off|desktop&#8221; global_colors_info=&#8221;{}&#8221; width__hover_enabled=&#8221;off|desktop&#8221;]O que muda com a automatiza\u00e7\u00e3o?[\/et_pb_text][et_pb_text admin_label=&#8221;Corpo&#8221; _builder_version=&#8221;4.27.3&#8243; _module_preset=&#8221;default&#8221; text_font=&#8221;&#8211;et_global_heading_font||||||||&#8221; text_text_color=&#8221;#7F7A83&#8243; custom_margin=&#8221;||30px||false|false&#8221; text_font_size_last_edited=&#8221;off|desktop&#8221; locked=&#8221;off&#8221; global_colors_info=&#8221;{}&#8221; width__hover_enabled=&#8221;off|desktop&#8221;]A promessa de reduzir drasticamente o tempo de concess\u00e3o de benef\u00edcios judiciais \u00e9, sem d\u00favida, um avan\u00e7o significativo. Decis\u00f5es que antes levavam meses para serem processadas agora podem ser executadas em minutos. Isso reduz a sobrecarga administrativa e garante que os segurados tenham acesso mais r\u00e1pido aos seus direitos.<\/p>\n<p>Entretanto, um ponto crucial que merece aten\u00e7\u00e3o \u00e9 a confiabilidade do sistema no reconhecimento e interpreta\u00e7\u00e3o das senten\u00e7as judiciais. Erros na automa\u00e7\u00e3o podem levar \u00e0 negativa indevida de benef\u00edcios ou \u00e0 concess\u00e3o equivocada, gerando um novo volume de contesta\u00e7\u00f5es.<\/p>\n<p>Atualmente, os tribunais regionais federais que j\u00e1 utilizam o INSSJUD s\u00e3o TRF-2 (Esp\u00edrito Santo e Rio de Janeiro), TRF-3 (S\u00e3o Paulo e Mato Grosso do Sul), TRF-4 (Sul) e TRF-6 (Minas Gerais). O TRF-1 est\u00e1 em fase de testes no Amazonas, enquanto outros tribunais seguem ajustando seus sistemas.<\/p>\n<p>Cabe ressaltar que a falta de uma implementa\u00e7\u00e3o homog\u00eanea pode criar discrep\u00e2ncias entre regi\u00f5es, impactando a isonomia no atendimento aos segurados.[\/et_pb_text][et_pb_text admin_label=&#8221;Subt\u00edtulo&#8221; _builder_version=&#8221;4.27.3&#8243; _module_preset=&#8221;default&#8221; text_font=&#8221;&#8211;et_global_heading_font|700|||||||&#8221; text_text_color=&#8221;#7F7A83&#8243; text_font_size=&#8221;25px&#8221; text_line_height=&#8221;1.2em&#8221; custom_margin=&#8221;||30px||false|false&#8221; text_font_size_last_edited=&#8221;off|desktop&#8221; global_colors_info=&#8221;{}&#8221; width__hover_enabled=&#8221;off|desktop&#8221;]Principais benef\u00edcios da medida[\/et_pb_text][et_pb_text admin_label=&#8221;Corpo&#8221; _builder_version=&#8221;4.27.3&#8243; _module_preset=&#8221;default&#8221; text_font=&#8221;&#8211;et_global_heading_font||||||||&#8221; text_text_color=&#8221;#7F7A83&#8243; custom_margin=&#8221;||30px||false|false&#8221; text_font_size_last_edited=&#8221;off|desktop&#8221; global_colors_info=&#8221;{}&#8221; width__hover_enabled=&#8221;off|desktop&#8221;]<\/p>\n<p><b>\u203a <strong>Maior Seguran\u00e7a e Precis\u00e3o:<\/strong><\/b> o novo sistema minimiza erros humanos e garante o cumprimento das decis\u00f5es judiciais de forma mais eficiente e transparente.<\/p>\n<p><b>\u203a Desafogamento da M\u00e3o de Obra:<\/b> ao reduzir o trabalho manual, os servidores do INSS podem se concentrar em outras demandas e no atendimento ao p\u00fablico.<\/p>\n<p><b>\u203a Moderniza\u00e7\u00e3o do INSS:<\/b> a iniciativa faz parte de um plano maior de digitaliza\u00e7\u00e3o da Previd\u00eancia Social, tornando o sistema mais \u00e1gil e eficiente para os segurados.<\/p>\n<p>[\/et_pb_text][et_pb_text admin_label=&#8221;Subt\u00edtulo&#8221; _builder_version=&#8221;4.27.3&#8243; _module_preset=&#8221;default&#8221; text_font=&#8221;&#8211;et_global_heading_font|700|||||||&#8221; text_text_color=&#8221;#7F7A83&#8243; text_font_size=&#8221;25px&#8221; text_line_height=&#8221;1.2em&#8221; custom_margin=&#8221;||30px||false|false&#8221; text_font_size_last_edited=&#8221;off|desktop&#8221; locked=&#8221;off&#8221; global_colors_info=&#8221;{}&#8221; width__hover_enabled=&#8221;off|desktop&#8221;]<\/p>\n<p>Impacto para os segurados<\/p>\n<p>[\/et_pb_text][et_pb_text admin_label=&#8221;Corpo&#8221; _builder_version=&#8221;4.27.3&#8243; _module_preset=&#8221;default&#8221; text_font=&#8221;&#8211;et_global_heading_font||||||||&#8221; text_text_color=&#8221;#7F7A83&#8243; custom_margin=&#8221;||30px||false|false&#8221; text_font_size_last_edited=&#8221;off|desktop&#8221; locked=&#8221;off&#8221; global_colors_info=&#8221;{}&#8221; width__hover_enabled=&#8221;off|desktop&#8221;]Para os segurados, a principal vantagem \u00e9 a previsibilidade e rapidez no recebimento do benef\u00edcio. No entanto, a automatiza\u00e7\u00e3o tamb\u00e9m exige que eles estejam atentos ao correto processamento de suas demandas. Eventuais falhas na leitura das senten\u00e7as podem gerar indeferimentos autom\u00e1ticos que precisar\u00e3o ser contestados.[\/et_pb_text][et_pb_text admin_label=&#8221;Subt\u00edtulo&#8221; _builder_version=&#8221;4.27.3&#8243; _module_preset=&#8221;default&#8221; text_font=&#8221;&#8211;et_global_heading_font|700|||||||&#8221; text_text_color=&#8221;#7F7A83&#8243; text_font_size=&#8221;25px&#8221; text_line_height=&#8221;1.2em&#8221; custom_margin=&#8221;||30px||false|false&#8221; text_font_size_last_edited=&#8221;off|desktop&#8221; global_colors_info=&#8221;{}&#8221; width__hover_enabled=&#8221;off|desktop&#8221;]Impactos para as empresas[\/et_pb_text][et_pb_text admin_label=&#8221;Corpo&#8221; _builder_version=&#8221;4.27.3&#8243; _module_preset=&#8221;default&#8221; text_font=&#8221;&#8211;et_global_heading_font||||||||&#8221; text_text_color=&#8221;#7F7A83&#8243; custom_margin=&#8221;||30px||false|false&#8221; text_font_size_last_edited=&#8221;off|desktop&#8221; global_colors_info=&#8221;{}&#8221; width__hover_enabled=&#8221;off|desktop&#8221;]Para as empresas, o novo modelo tamb\u00e9m traz mudan\u00e7as. O tempo reduzido na concess\u00e3o de benef\u00edcios por incapacidade impacta diretamente a gest\u00e3o de afastamentos. Com a agilidade na transi\u00e7\u00e3o entre afastamento e concess\u00e3o do benef\u00edcio, as empresas podem reorganizar suas estrat\u00e9gias de gest\u00e3o de pessoas, reduzindo impactos na folha de pagamento e otimizando a substitui\u00e7\u00e3o tempor\u00e1ria de funcion\u00e1rios.<\/p>\n<p>Al\u00e9m disso, \u00e9 fundamental que as empresas estejam atentas \u00e0s novas diretrizes para solicita\u00e7\u00f5es e recursos administrativos, pois o processamento automatizado pode reduzir prazos para manifesta\u00e7\u00f5es e exigir um acompanhamento mais rigoroso de decis\u00f5es judiciais envolvendo seus colaboradores.[\/et_pb_text][et_pb_text admin_label=&#8221;Subt\u00edtulo&#8221; _builder_version=&#8221;4.27.3&#8243; _module_preset=&#8221;default&#8221; text_font=&#8221;&#8211;et_global_heading_font|700|||||||&#8221; text_text_color=&#8221;#7F7A83&#8243; text_font_size=&#8221;25px&#8221; text_line_height=&#8221;1.2em&#8221; custom_margin=&#8221;||30px||false|false&#8221; text_font_size_last_edited=&#8221;off|desktop&#8221; global_colors_info=&#8221;{}&#8221; width__hover_enabled=&#8221;off|desktop&#8221;]Desafios e expectativas[\/et_pb_text][et_pb_text admin_label=&#8221;Corpo&#8221; _builder_version=&#8221;4.27.3&#8243; _module_preset=&#8221;default&#8221; text_font=&#8221;&#8211;et_global_heading_font||||||||&#8221; text_text_color=&#8221;#7F7A83&#8243; custom_margin=&#8221;||30px||false|false&#8221; text_font_size_last_edited=&#8221;off|desktop&#8221; global_colors_info=&#8221;{}&#8221; width__hover_enabled=&#8221;off|desktop&#8221;]Embora a automatiza\u00e7\u00e3o traga diversas vantagens, tamb\u00e9m exige monitoramento cont\u00ednuo para garantir que o sistema funcione corretamente e n\u00e3o gere inconsist\u00eancias. O INSS continuar\u00e1 aprimorando seus processos e corrigindo eventuais falhas para garantir a plena efic\u00e1cia do novo modelo.<\/p>\n<p>Com essa nova medida, o Brasil avan\u00e7a na digitaliza\u00e7\u00e3o dos servi\u00e7os p\u00fablicos, beneficiando milh\u00f5es de cidad\u00e3os que dependem da previd\u00eancia para sua seguran\u00e7a e bem-estar.[\/et_pb_text][\/et_pb_column][\/et_pb_row][et_pb_row column_structure=&#8221;1_4,3_4&#8243; use_custom_gutter=&#8221;on&#8221; gutter_width=&#8221;1&#8243; make_equal=&#8221;on&#8221; custom_padding_last_edited=&#8221;on|desktop&#8221; disabled_on=&#8221;off|off|off&#8221; admin_label=&#8221;Assinatura com foto&#8221; _builder_version=&#8221;4.27.3&#8243; background_size=&#8221;initial&#8221; background_position=&#8221;top_left&#8221; background_repeat=&#8221;repeat&#8221; width=&#8221;90%&#8221; max_width=&#8221;900px&#8221; module_alignment=&#8221;center&#8221; custom_margin=&#8221;9px||50px||false|false&#8221; custom_padding=&#8221;0px|50px|0px|50px|false|false&#8221; custom_padding_tablet=&#8221;0px|50px|0px|50px|false|false&#8221; custom_padding_phone=&#8221;|30px||30px|false|false&#8221; locked=&#8221;off&#8221; global_colors_info=&#8221;{}&#8221;][et_pb_column type=&#8221;1_4&#8243; _builder_version=&#8221;4.27.3&#8243; custom_padding=&#8221;|||&#8221; custom_css_main_element=&#8221;width: 125px !important;&#8221; global_colors_info=&#8221;{}&#8221; custom_padding__hover=&#8221;|||&#8221;][et_pb_image src=&#8221;https:\/\/acrisure.com.br\/insights\/wp-content\/uploads\/turbinar-especiais-artigo-nr1-marlene.jpg&#8221; title_text=&#8221;turbinar-especiais-artigo-nr1-marlene&#8221; _builder_version=&#8221;4.27.3&#8243; _module_preset=&#8221;default&#8221; width=&#8221;106px&#8221; max_width=&#8221;100%&#8221; module_alignment=&#8221;left&#8221; min_height=&#8221;100px&#8221; custom_margin_tablet=&#8221;||10px||false|false&#8221; custom_margin_phone=&#8221;||10px||false|false&#8221; custom_margin_last_edited=&#8221;on|tablet&#8221; custom_css_free_form=&#8221;selector img {||  object-fit: cover; object-position: center;||}&#8221; border_radii=&#8221;on|50%|50%|50%|50%&#8221; border_width_all=&#8221;3px&#8221; border_color_all=&#8221;#85B73C&#8221; global_colors_info=&#8221;{}&#8221;][\/et_pb_image][\/et_pb_column][et_pb_column type=&#8221;3_4&#8243; _builder_version=&#8221;4.16&#8243; custom_padding=&#8221;|||&#8221; global_colors_info=&#8221;{}&#8221; custom_padding__hover=&#8221;|||&#8221;][et_pb_text admin_label=&#8221;Conte\u00fado&#8221; _builder_version=&#8221;4.27.3&#8243; _module_preset=&#8221;default&#8221; text_font=&#8221;|700|on||||||&#8221; text_text_color=&#8221;#7F7A83&#8243; text_letter_spacing=&#8221;1px&#8221; text_line_height=&#8221;1.3em&#8221; positioning=&#8221;absolute&#8221; position_origin_a=&#8221;center_left&#8221; horizontal_offset=&#8221;-3px&#8221; position_origin_a_tablet=&#8221;center_left&#8221; position_origin_a_phone=&#8221;center_left&#8221; position_origin_a_last_edited=&#8221;on|desktop&#8221; position_origin_f_tablet=&#8221;&#8221; position_origin_f_phone=&#8221;&#8221; position_origin_f_last_edited=&#8221;on|desktop&#8221; position_origin_r_tablet=&#8221;&#8221; position_origin_r_phone=&#8221;&#8221; position_origin_r_last_edited=&#8221;on|desktop&#8221; width=&#8221;100%&#8221; custom_margin=&#8221;||||false|false&#8221; positioning_tablet=&#8221;none&#8221; positioning_phone=&#8221;none&#8221; positioning_last_edited=&#8221;on|tablet&#8221; global_colors_info=&#8221;{}&#8221;]<\/p>\n<p style=\"padding-bottom: 1px; font-size: 15px;\">\u203a Escrito com apoio de<\/p>\n<p><span style=\"color: #85b73c;\">MARLENE CAPEL<\/span><br \/>\nDiretora geral da B2P \u2013 Acrisure[\/et_pb_text][\/et_pb_column][\/et_pb_row][\/et_pb_section][et_pb_section fb_built=&#8221;1&#8243; admin_label=&#8221;Imagem 7&#8243; module_id=&#8221;ia&#8221; _builder_version=&#8221;4.27.3&#8243; _module_preset=&#8221;default&#8221; background_color=&#8221;rgba(0,0,0,0.5)&#8221; background_image=&#8221;https:\/\/acrisure.com.br\/insights\/wp-content\/uploads\/artigo-ia.jpg&#8221; parallax=&#8221;on&#8221; background_blend=&#8221;multiply&#8221; min_height=&#8221;80vh&#8221; custom_padding=&#8221;0px||0px||false|false&#8221; locked=&#8221;off&#8221; collapsed=&#8221;on&#8221; global_colors_info=&#8221;{}&#8221;][\/et_pb_section][et_pb_section fb_built=&#8221;1&#8243; custom_padding_last_edited=&#8221;on|phone&#8221; admin_label=&#8221;Artigo 7&#8243; module_id=&#8221;ia&#8221; _builder_version=&#8221;4.27.3&#8243; _module_preset=&#8221;default&#8221; background_color=&#8221;RGBA(255,255,255,0)&#8221; custom_margin=&#8221;0px||||false|false&#8221; custom_padding=&#8221;0px||50px||false|false&#8221; custom_padding_tablet=&#8221;0px||50px||false|false&#8221; custom_padding_phone=&#8221;0px||40px||false|false&#8221; locked=&#8221;off&#8221; collapsed=&#8221;on&#8221; global_colors_info=&#8221;{}&#8221;][et_pb_row use_custom_gutter=&#8221;on&#8221; gutter_width=&#8221;2&#8243; make_equal=&#8221;on&#8221; custom_padding_last_edited=&#8221;on|phone&#8221; admin_label=&#8221;T\u00edtulo&#8221; _builder_version=&#8221;4.27.3&#8243; _module_preset=&#8221;default&#8221; background_color=&#8221;#FFFFFF&#8221; position_origin_a=&#8221;center_center&#8221; width=&#8221;90%&#8221; width_tablet=&#8221;80%&#8221; width_phone=&#8221;80%&#8221; width_last_edited=&#8221;off|desktop&#8221; max_width=&#8221;900px&#8221; module_alignment=&#8221;center&#8221; custom_margin=&#8221;-20vh||0px||false|false&#8221; custom_margin_tablet=&#8221;||0px||false|false&#8221; custom_margin_phone=&#8221;||0px||false|false&#8221; custom_margin_last_edited=&#8221;off|desktop&#8221; custom_padding=&#8221;40px|50px|50px|50px|false|false&#8221; custom_padding_tablet=&#8221;40px|50px|50px|50px|false|false&#8221; custom_padding_phone=&#8221;30px|30px|30px|30px|false|false&#8221; border_width_top=&#8221;5px&#8221; border_color_top=&#8221;#85B73C&#8221; locked=&#8221;off&#8221; global_colors_info=&#8221;{}&#8221;][et_pb_column type=&#8221;4_4&#8243; _builder_version=&#8221;4.27.3&#8243; _module_preset=&#8221;default&#8221; position_origin_a_tablet=&#8221;center_right&#8221; position_origin_a_phone=&#8221;center_right&#8221; position_origin_a_last_edited=&#8221;off|desktop&#8221; position_origin_f_last_edited=&#8221;off|desktop&#8221; position_origin_r_last_edited=&#8221;off|desktop&#8221; positioning_tablet=&#8221;relative&#8221; positioning_phone=&#8221;relative&#8221; positioning_last_edited=&#8221;off|desktop&#8221; global_colors_info=&#8221;{}&#8221;][et_pb_text admin_label=&#8221;T\u00edtulo&#8221; _builder_version=&#8221;4.27.3&#8243; _module_preset=&#8221;default&#8221; text_font=&#8221;&#8211;et_global_heading_font|700|||||||&#8221; text_text_color=&#8221;#7F7A83&#8243; text_font_size=&#8221;50px&#8221; text_letter_spacing=&#8221;2px&#8221; text_line_height=&#8221;1.2em&#8221; custom_margin=&#8221;||30px||false|false&#8221; text_font_size_tablet=&#8221;50px&#8221; text_font_size_phone=&#8221;30px&#8221; text_font_size_last_edited=&#8221;on|phone&#8221; global_colors_info=&#8221;{}&#8221;]<\/p>\n<h2>A d\u00fabia revolu\u00e7\u00e3o da IA: como\u00a0proteger organiza\u00e7\u00f5es em\u00a0um\u00a0cen\u00e1rio de riscos e inova\u00e7\u00e3o<\/h2>\n<p>[\/et_pb_text][et_pb_text admin_label=&#8221;Corpo&#8221; _builder_version=&#8221;4.27.3&#8243; _module_preset=&#8221;default&#8221; text_font=&#8221;&#8211;et_global_heading_font||||||||&#8221; text_text_color=&#8221;#7F7A83&#8243; custom_margin=&#8221;||30px||false|false&#8221; text_font_size_last_edited=&#8221;off|desktop&#8221; global_colors_info=&#8221;{}&#8221; width__hover_enabled=&#8221;off|desktop&#8221;]A intelig\u00eancia artificial (IA), especialmente em sua forma generativa, est\u00e1 revolucionando diversos setores, da medicina \u00e0 ind\u00fastria. Contudo, tamb\u00e9m se tornou uma arma poderosa nas m\u00e3os de cibercriminosos, configurando-se como uma das maiores amea\u00e7as \u00e0 seguran\u00e7a cibern\u00e9tica global. A velocidade de evolu\u00e7\u00e3o da IA imp\u00f5e um dilema \u00e0s organiza\u00e7\u00f5es: como colher os benef\u00edcios da tecnologia sem comprometer a seguran\u00e7a?[\/et_pb_text][et_pb_text admin_label=&#8221;Subt\u00edtulo&#8221; _builder_version=&#8221;4.27.3&#8243; _module_preset=&#8221;default&#8221; text_font=&#8221;&#8211;et_global_heading_font|700|||||||&#8221; text_text_color=&#8221;#7F7A83&#8243; text_font_size=&#8221;25px&#8221; text_line_height=&#8221;1.2em&#8221; custom_margin=&#8221;||30px||false|false&#8221; text_font_size_last_edited=&#8221;off|desktop&#8221; global_colors_info=&#8221;{}&#8221; width__hover_enabled=&#8221;off|desktop&#8221;]IA generativa: um potencializador de ataques cibern\u00e9ticos[\/et_pb_text][et_pb_text admin_label=&#8221;Corpo&#8221; _builder_version=&#8221;4.27.3&#8243; _module_preset=&#8221;default&#8221; text_font=&#8221;&#8211;et_global_heading_font||||||||&#8221; text_text_color=&#8221;#7F7A83&#8243; custom_margin=&#8221;||30px||false|false&#8221; text_font_size_last_edited=&#8221;off|desktop&#8221; global_colors_info=&#8221;{}&#8221; width__hover_enabled=&#8221;off|desktop&#8221;]A IA generativa, capaz de criar textos, imagens e outros conte\u00fados realistas, est\u00e1 amplificando a sofistica\u00e7\u00e3o e a escala dos ataques cibern\u00e9ticos. Por exemplo, ataques de phishing tornaram-se mais persuasivos, com e-mails e mensagens hiperpersonalizados que enganam at\u00e9 os usu\u00e1rios mais atentos. Al\u00e9m disso, deepfakes (v\u00eddeos ou \u00e1udios falsos gerados com IA) s\u00e3o usados para difamar, manipular a opini\u00e3o p\u00fablica e incitar viol\u00eancia.<\/p>\n<p>Cibercriminosos tamb\u00e9m empregam IA para automatizar tarefas maliciosas, como explorar vulnerabilidades e criar malware. Isso permite ataques em larga escala com maior efici\u00eancia e rapidez.[\/et_pb_text][et_pb_text admin_label=&#8221;Subt\u00edtulo&#8221; _builder_version=&#8221;4.27.3&#8243; _module_preset=&#8221;default&#8221; text_font=&#8221;&#8211;et_global_heading_font|700|||||||&#8221; text_text_color=&#8221;#7F7A83&#8243; text_font_size=&#8221;25px&#8221; text_line_height=&#8221;1.2em&#8221; custom_margin=&#8221;||30px||false|false&#8221; text_font_size_last_edited=&#8221;off|desktop&#8221; global_colors_info=&#8221;{}&#8221; width__hover_enabled=&#8221;off|desktop&#8221;]Lacunas entre ado\u00e7\u00e3o da IA e seguran\u00e7a cibern\u00e9tica[\/et_pb_text][et_pb_text admin_label=&#8221;Corpo&#8221; _builder_version=&#8221;4.27.3&#8243; _module_preset=&#8221;default&#8221; text_font=&#8221;&#8211;et_global_heading_font||||||||&#8221; text_text_color=&#8221;#7F7A83&#8243; custom_margin=&#8221;||30px||false|false&#8221; text_font_size_last_edited=&#8221;off|desktop&#8221; global_colors_info=&#8221;{}&#8221; width__hover_enabled=&#8221;off|desktop&#8221;]<\/p>\n<p>Muitas organiza\u00e7\u00f5es reconhecem os riscos associados \u00e0 IA, mas implementam essa tecnologia sem as devidas precau\u00e7\u00f5es. Esse paradoxo \u00e9 impulsionado por fatores como a <strong>press\u00e3o para inovar, a falta de profissionais qualificados e a complexidade crescente da tecnologia<\/strong>, que dificulta a aplica\u00e7\u00e3o de medidas eficazes.<\/p>\n<p>A regulamenta\u00e7\u00e3o tem buscado reduzir essas lacunas. A Uni\u00e3o Europeia categoriza sistemas de IA por n\u00edveis de risco, incluindo a IA generativa como de alto risco. Nos Estados Unidos, iniciativas como a Ordem Executiva sobre IA do presidente Biden incentivam melhores pr\u00e1ticas, enquanto pa\u00edses como China e Coreia do Sul desenvolvem legisla\u00e7\u00f5es espec\u00edficas.<\/p>\n<p>No Brasil, o Projeto de Lei n\u00ba 2.338, de 2023, em an\u00e1lise na C\u00e2mara dos Deputados, visa estabelecer normas gerais para o uso respons\u00e1vel da IA, com foco em supervis\u00e3o humana, transpar\u00eancia e mitiga\u00e7\u00e3o de riscos.<\/p>\n<p>Al\u00e9m disso, as habilidades humanas continuam sendo um elemento crucial para preencher essas lacunas. A capacidade de identificar amea\u00e7as, tomar decis\u00f5es estrat\u00e9gicas e responder rapidamente complementa as regulamenta\u00e7\u00f5es.<\/p>\n<p>[\/et_pb_text][et_pb_text admin_label=&#8221;Subt\u00edtulo&#8221; _builder_version=&#8221;4.27.3&#8243; _module_preset=&#8221;default&#8221; text_font=&#8221;&#8211;et_global_heading_font|700|||||||&#8221; text_text_color=&#8221;#7F7A83&#8243; text_font_size=&#8221;25px&#8221; text_line_height=&#8221;1.2em&#8221; custom_margin=&#8221;||30px||false|false&#8221; text_font_size_last_edited=&#8221;off|desktop&#8221; global_colors_info=&#8221;{}&#8221; width__hover_enabled=&#8221;off|desktop&#8221;]Enfrentando o desafio da ciberseguran\u00e7a[\/et_pb_text][et_pb_text admin_label=&#8221;Corpo&#8221; _builder_version=&#8221;4.27.3&#8243; _module_preset=&#8221;default&#8221; text_font=&#8221;&#8211;et_global_heading_font||||||||&#8221; text_text_color=&#8221;#7F7A83&#8243; custom_margin=&#8221;||30px||false|false&#8221; text_font_size_last_edited=&#8221;off|desktop&#8221; global_colors_info=&#8221;{}&#8221; width__hover_enabled=&#8221;off|desktop&#8221;]<\/p>\n<p>A IA generativa apresenta uma dualidade na ciberseguran\u00e7a. Por um lado, ela oferece um enorme potencial para melhorar a defesa, permitindo a detec\u00e7\u00e3o de amea\u00e7as com agilidade e a automatiza\u00e7\u00e3o de tarefas. Por outro, ela tamb\u00e9m pode ser utilizada para lan\u00e7ar ataques mais sofisticados e devastadores.<\/p>\n<p>Para enfrentar esse desafio, as organiza\u00e7\u00f5es precisam adotar uma abordagem multifacetada e proativa, baseada em cinco pilares:<\/p>\n<p><strong>1. gest\u00e3o cont\u00ednua de riscos:<\/strong> ciberseguran\u00e7a n\u00e3o \u00e9 um destino, mas sim uma jornada. A amea\u00e7a de novos ataques exige o monitoramento constante das vulnerabilidades e atualiza\u00e7\u00e3o das medidas de seguran\u00e7a. A alta dire\u00e7\u00e3o das empresas deve estar engajada em decidir como mitigar ou transferir riscos.<\/p>\n<p><strong>2. amea\u00e7as internas:<\/strong> funcion\u00e1rios podem, intencionalmente ou n\u00e3o, comprometer a seguran\u00e7a. \u00c9 crucial identificar as atividades cr\u00edticas da empresa, mapear os riscos e implementar medidas que abrandem tanto os ativos f\u00edsicos quanto os digitais.<\/p>\n<p><strong>3. conscientiza\u00e7\u00e3o dos colaboradores:<\/strong> os funcion\u00e1rios tamb\u00e9m s\u00e3o a primeira linha de defesa contra os ataques cibern\u00e9ticos. Investir em treinamentos e simula\u00e7\u00e3o de ataques reduz erros humanos e fortalece a postura de seguran\u00e7a.<\/p>\n<p><strong>4. evitar excesso de confian\u00e7a:<\/strong> nenhuma organiza\u00e7\u00e3o est\u00e1 imune a ataques cibern\u00e9ticos. A confian\u00e7a excessiva pode gerar neglig\u00eancia e aumentar a vulnerabilidade da empresa.<\/p>\n<p><strong>5. seguran\u00e7a na cadeia de fornecedores:<\/strong> \u00e9 preciso mapear todos os fornecedores que t\u00eam acesso a dados sens\u00edveis e garantir que eles adotem medidas de seguran\u00e7a. Pequenas e m\u00e9dias empresas, por exemplo, s\u00e3o alvos frequentes de cibercriminosos, tanto por serem mais vulner\u00e1veis quanto por servirem como porta de entrada para grandes corpora\u00e7\u00f5es.<\/p>\n<p>A IA generativa, embora poderosa, exige um equil\u00edbrio cuidadoso entre inova\u00e7\u00e3o e seguran\u00e7a. Ao combinar essas cinco dimens\u00f5es, as organiza\u00e7\u00f5es podem construir uma defesa cibern\u00e9tica s\u00f3lida e resiliente, capaz de enfrentar os desafios atuais.<\/p>\n<p>[\/et_pb_text][\/et_pb_column][\/et_pb_row][\/et_pb_section][et_pb_section fb_built=&#8221;1&#8243; custom_padding_last_edited=&#8221;on|phone&#8221; admin_label=&#8221;Voltar&#8221; _builder_version=&#8221;4.19.4&#8243; _module_preset=&#8221;default&#8221; custom_padding=&#8221;70px||70px||false|false&#8221; custom_padding_tablet=&#8221;70px||70px||false|false&#8221; custom_padding_phone=&#8221;50px||50px||false|false&#8221; locked=&#8221;off&#8221; global_colors_info=&#8221;{}&#8221;][et_pb_row use_custom_gutter=&#8221;on&#8221; gutter_width=&#8221;2&#8243; make_equal=&#8221;on&#8221; custom_padding_last_edited=&#8221;on|desktop&#8221; admin_label=&#8221;Bot\u00e3o voltar&#8221; _builder_version=&#8221;4.27.3&#8243; _module_preset=&#8221;default&#8221; background_color=&#8221;#FFFFFF&#8221; position_origin_a=&#8221;center_center&#8221; width=&#8221;90%&#8221; max_width=&#8221;900px&#8221; module_alignment=&#8221;center&#8221; custom_margin=&#8221;0px||0px||false|false&#8221; custom_padding=&#8221;0px|50px|50px|50px|false|false&#8221; custom_padding_tablet=&#8221;0px|50px|50px|50px|false|false&#8221; custom_padding_phone=&#8221;30px|30px|30px|30px|false|false&#8221; locked=&#8221;off&#8221; global_colors_info=&#8221;{}&#8221;][et_pb_column type=&#8221;4_4&#8243; _builder_version=&#8221;4.19.4&#8243; _module_preset=&#8221;default&#8221; global_colors_info=&#8221;{}&#8221;][et_pb_text admin_label=&#8221;Voltar para a home&#8221; _builder_version=&#8221;4.27.3&#8243; _dynamic_attributes=&#8221;link_option_url&#8221; _module_preset=&#8221;default&#8221; text_font=&#8221;TT Norms Pro Bold|700|||||||&#8221; text_text_color=&#8221;#FFFFFF&#8221; text_font_size=&#8221;14px&#8221; text_line_height=&#8221;1em&#8221; background_color=&#8221;#032a4e&#8221; custom_margin=&#8221;||0px||false|false&#8221; custom_padding=&#8221;20px|30px|20px|30px|false|false&#8221; link_option_url=&#8221;@ET-DC@eyJkeW5hbWljIjp0cnVlLCJjb250ZW50IjoiaG9tZV91cmwiLCJzZXR0aW5ncyI6e319@&#8221; custom_css_main_element=&#8221;display: inline-block;&#8221; border_color_all=&#8221;#006A00&#8243; locked=&#8221;off&#8221; global_colors_info=&#8221;{}&#8221;]<span id=\"botao-voltar\">VOLTAR PARA A HOME<\/span>[\/et_pb_text][\/et_pb_column][\/et_pb_row][\/et_pb_section]<\/p>\n","protected":false},"excerpt":{"rendered":"<p>\u203a\u203a\u203a ESPECIALTEND\u00caNCIAS2025O mundo dos neg\u00f3cios est\u00e1 em constante evolu\u00e7\u00e3o, e estar \u00e0\u00a0frente das mudan\u00e7as \u00e9 essencial para empresas que buscam se\u00a0manter competitivas. Em 2025, transforma\u00e7\u00f5es econ\u00f4micas, tecnol\u00f3gicas e\u00a0sociais continuar\u00e3o a redefinir mercados, exigindo estrat\u00e9gias inovadoras e uma vis\u00e3o adaptativa. Nesta p\u00e1gina especial, reunimos conte\u00fados que exploram as\u00a0principais tend\u00eancias do ano, trazendo insights e reflex\u00f5es para\u00a0ajudar [&hellip;]<\/p>\n","protected":false},"author":1,"featured_media":12882,"parent":0,"menu_order":0,"comment_status":"closed","ping_status":"closed","template":"","meta":{"_et_pb_use_builder":"on","_et_pb_old_content":"","_et_gb_content_width":"","footnotes":"","_links_to":"","_links_to_target":""},"class_list":["post-10932","page","type-page","status-publish","has-post-thumbnail","hentry"],"yoast_head":"<!-- This site is optimized with the Yoast SEO plugin v27.4 - https:\/\/yoast.com\/product\/yoast-seo-wordpress\/ -->\n<title>Especial Tend\u00eancias 2025 - Insights \/ Acrisure<\/title>\n<meta name=\"description\" content=\"Tend\u00eancias 2025\" \/>\n<meta name=\"robots\" content=\"index, follow, max-snippet:-1, max-image-preview:large, max-video-preview:-1\" \/>\n<link rel=\"canonical\" href=\"https:\/\/acrisure.com.br\/insights\/tendencias-2025\/\" \/>\n<meta property=\"og:locale\" content=\"pt_BR\" \/>\n<meta property=\"og:type\" content=\"article\" \/>\n<meta property=\"og:title\" content=\"Especial Tend\u00eancias 2025 - Insights \/ Acrisure\" \/>\n<meta property=\"og:description\" content=\"Tend\u00eancias 2025\" \/>\n<meta property=\"og:url\" content=\"https:\/\/acrisure.com.br\/insights\/tendencias-2025\/\" \/>\n<meta property=\"og:site_name\" content=\"Insights \/ Acrisure\" \/>\n<meta property=\"article:publisher\" content=\"https:\/\/www.facebook.com\/itsseg\/\" \/>\n<meta property=\"article:modified_time\" content=\"2026-02-02T20:03:06+00:00\" \/>\n<meta property=\"og:image\" content=\"https:\/\/acrisure.com.br\/insights\/wp-content\/uploads\/cropped-acrisure-favicon-1.png\" \/>\n\t<meta property=\"og:image:width\" content=\"512\" \/>\n\t<meta property=\"og:image:height\" content=\"512\" \/>\n\t<meta property=\"og:image:type\" content=\"image\/png\" \/>\n<meta name=\"twitter:card\" content=\"summary_large_image\" \/>\n<meta name=\"twitter:label1\" content=\"Est. tempo de leitura\" \/>\n\t<meta name=\"twitter:data1\" content=\"29 minutos\" \/>\n<script type=\"application\/ld+json\" class=\"yoast-schema-graph\">{\"@context\":\"https:\\\/\\\/schema.org\",\"@graph\":[{\"@type\":\"WebPage\",\"@id\":\"https:\\\/\\\/acrisure.com.br\\\/insights\\\/tendencias-2025\\\/\",\"url\":\"https:\\\/\\\/acrisure.com.br\\\/insights\\\/tendencias-2025\\\/\",\"name\":\"Especial Tend\u00eancias 2025 - Insights \\\/ Acrisure\",\"isPartOf\":{\"@id\":\"https:\\\/\\\/acrisure.com.br\\\/insights\\\/#website\"},\"primaryImageOfPage\":{\"@id\":\"https:\\\/\\\/acrisure.com.br\\\/insights\\\/tendencias-2025\\\/#primaryimage\"},\"image\":{\"@id\":\"https:\\\/\\\/acrisure.com.br\\\/insights\\\/tendencias-2025\\\/#primaryimage\"},\"thumbnailUrl\":\"https:\\\/\\\/acrisure.com.br\\\/insights\\\/wp-content\\\/uploads\\\/cropped-acrisure-favicon-1.png\",\"datePublished\":\"2025-02-06T22:55:56+00:00\",\"dateModified\":\"2026-02-02T20:03:06+00:00\",\"description\":\"Tend\u00eancias 2025\",\"breadcrumb\":{\"@id\":\"https:\\\/\\\/acrisure.com.br\\\/insights\\\/tendencias-2025\\\/#breadcrumb\"},\"inLanguage\":\"pt-BR\",\"potentialAction\":[{\"@type\":\"ReadAction\",\"target\":[\"https:\\\/\\\/acrisure.com.br\\\/insights\\\/tendencias-2025\\\/\"]}]},{\"@type\":\"ImageObject\",\"inLanguage\":\"pt-BR\",\"@id\":\"https:\\\/\\\/acrisure.com.br\\\/insights\\\/tendencias-2025\\\/#primaryimage\",\"url\":\"https:\\\/\\\/acrisure.com.br\\\/insights\\\/wp-content\\\/uploads\\\/cropped-acrisure-favicon-1.png\",\"contentUrl\":\"https:\\\/\\\/acrisure.com.br\\\/insights\\\/wp-content\\\/uploads\\\/cropped-acrisure-favicon-1.png\",\"width\":512,\"height\":512,\"caption\":\"Favicon preto da Acrisure simbolizando identidade corporativa, solidez e presen\u00e7a global.\"},{\"@type\":\"BreadcrumbList\",\"@id\":\"https:\\\/\\\/acrisure.com.br\\\/insights\\\/tendencias-2025\\\/#breadcrumb\",\"itemListElement\":[{\"@type\":\"ListItem\",\"position\":1,\"name\":\"In\u00edcio\",\"item\":\"https:\\\/\\\/acrisure.com.br\\\/insights\\\/\"},{\"@type\":\"ListItem\",\"position\":2,\"name\":\"Tend\u00eancias 2025\"}]},{\"@type\":\"WebSite\",\"@id\":\"https:\\\/\\\/acrisure.com.br\\\/insights\\\/#website\",\"url\":\"https:\\\/\\\/acrisure.com.br\\\/insights\\\/\",\"name\":\"Insights \\\/ Acrisure\",\"description\":\"Portal de Not\u00edcias e Conte\u00fado\",\"potentialAction\":[{\"@type\":\"SearchAction\",\"target\":{\"@type\":\"EntryPoint\",\"urlTemplate\":\"https:\\\/\\\/acrisure.com.br\\\/insights\\\/?s={search_term_string}\"},\"query-input\":{\"@type\":\"PropertyValueSpecification\",\"valueRequired\":true,\"valueName\":\"search_term_string\"}}],\"inLanguage\":\"pt-BR\"}]}<\/script>\n<!-- \/ Yoast SEO plugin. -->","yoast_head_json":{"title":"Especial Tend\u00eancias 2025 - Insights \/ Acrisure","description":"Tend\u00eancias 2025","robots":{"index":"index","follow":"follow","max-snippet":"max-snippet:-1","max-image-preview":"max-image-preview:large","max-video-preview":"max-video-preview:-1"},"canonical":"https:\/\/acrisure.com.br\/insights\/tendencias-2025\/","og_locale":"pt_BR","og_type":"article","og_title":"Especial Tend\u00eancias 2025 - Insights \/ Acrisure","og_description":"Tend\u00eancias 2025","og_url":"https:\/\/acrisure.com.br\/insights\/tendencias-2025\/","og_site_name":"Insights \/ Acrisure","article_publisher":"https:\/\/www.facebook.com\/itsseg\/","article_modified_time":"2026-02-02T20:03:06+00:00","og_image":[{"width":512,"height":512,"url":"https:\/\/acrisure.com.br\/insights\/wp-content\/uploads\/cropped-acrisure-favicon-1.png","type":"image\/png"}],"twitter_card":"summary_large_image","twitter_misc":{"Est. tempo de leitura":"29 minutos"},"schema":{"@context":"https:\/\/schema.org","@graph":[{"@type":"WebPage","@id":"https:\/\/acrisure.com.br\/insights\/tendencias-2025\/","url":"https:\/\/acrisure.com.br\/insights\/tendencias-2025\/","name":"Especial Tend\u00eancias 2025 - Insights \/ Acrisure","isPartOf":{"@id":"https:\/\/acrisure.com.br\/insights\/#website"},"primaryImageOfPage":{"@id":"https:\/\/acrisure.com.br\/insights\/tendencias-2025\/#primaryimage"},"image":{"@id":"https:\/\/acrisure.com.br\/insights\/tendencias-2025\/#primaryimage"},"thumbnailUrl":"https:\/\/acrisure.com.br\/insights\/wp-content\/uploads\/cropped-acrisure-favicon-1.png","datePublished":"2025-02-06T22:55:56+00:00","dateModified":"2026-02-02T20:03:06+00:00","description":"Tend\u00eancias 2025","breadcrumb":{"@id":"https:\/\/acrisure.com.br\/insights\/tendencias-2025\/#breadcrumb"},"inLanguage":"pt-BR","potentialAction":[{"@type":"ReadAction","target":["https:\/\/acrisure.com.br\/insights\/tendencias-2025\/"]}]},{"@type":"ImageObject","inLanguage":"pt-BR","@id":"https:\/\/acrisure.com.br\/insights\/tendencias-2025\/#primaryimage","url":"https:\/\/acrisure.com.br\/insights\/wp-content\/uploads\/cropped-acrisure-favicon-1.png","contentUrl":"https:\/\/acrisure.com.br\/insights\/wp-content\/uploads\/cropped-acrisure-favicon-1.png","width":512,"height":512,"caption":"Favicon preto da Acrisure simbolizando identidade corporativa, solidez e presen\u00e7a global."},{"@type":"BreadcrumbList","@id":"https:\/\/acrisure.com.br\/insights\/tendencias-2025\/#breadcrumb","itemListElement":[{"@type":"ListItem","position":1,"name":"In\u00edcio","item":"https:\/\/acrisure.com.br\/insights\/"},{"@type":"ListItem","position":2,"name":"Tend\u00eancias 2025"}]},{"@type":"WebSite","@id":"https:\/\/acrisure.com.br\/insights\/#website","url":"https:\/\/acrisure.com.br\/insights\/","name":"Insights \/ Acrisure","description":"Portal de Not\u00edcias e Conte\u00fado","potentialAction":[{"@type":"SearchAction","target":{"@type":"EntryPoint","urlTemplate":"https:\/\/acrisure.com.br\/insights\/?s={search_term_string}"},"query-input":{"@type":"PropertyValueSpecification","valueRequired":true,"valueName":"search_term_string"}}],"inLanguage":"pt-BR"}]}},"_links":{"self":[{"href":"https:\/\/acrisure.com.br\/insights\/wp-json\/wp\/v2\/pages\/10932","targetHints":{"allow":["GET"]}}],"collection":[{"href":"https:\/\/acrisure.com.br\/insights\/wp-json\/wp\/v2\/pages"}],"about":[{"href":"https:\/\/acrisure.com.br\/insights\/wp-json\/wp\/v2\/types\/page"}],"author":[{"embeddable":true,"href":"https:\/\/acrisure.com.br\/insights\/wp-json\/wp\/v2\/users\/1"}],"replies":[{"embeddable":true,"href":"https:\/\/acrisure.com.br\/insights\/wp-json\/wp\/v2\/comments?post=10932"}],"version-history":[{"count":171,"href":"https:\/\/acrisure.com.br\/insights\/wp-json\/wp\/v2\/pages\/10932\/revisions"}],"predecessor-version":[{"id":19240,"href":"https:\/\/acrisure.com.br\/insights\/wp-json\/wp\/v2\/pages\/10932\/revisions\/19240"}],"wp:featuredmedia":[{"embeddable":true,"href":"https:\/\/acrisure.com.br\/insights\/wp-json\/wp\/v2\/media\/12882"}],"wp:attachment":[{"href":"https:\/\/acrisure.com.br\/insights\/wp-json\/wp\/v2\/media?parent=10932"}],"curies":[{"name":"wp","href":"https:\/\/api.w.org\/{rel}","templated":true}]}}